{"id":67122,"date":"2025-01-20T14:31:56","date_gmt":"2025-01-20T14:31:56","guid":{"rendered":"https:\/\/scottmax.com\/?post_type=people&#038;p=67122"},"modified":"2025-01-20T14:31:58","modified_gmt":"2025-01-20T14:31:58","slug":"tomi-lahrens-patrimonio-neto-biografia-estadisticas","status":"publish","type":"people","link":"https:\/\/scottmax.com\/es\/people\/tomi-lahrens-net-worth-biography-stats\/","title":{"rendered":"Valor neto, biograf\u00eda y estad\u00edsticas de Tomi Lahren. Valor Neto: Est. $6 Millones"},"content":{"rendered":"<p class=\"wp-block-paragraph\"><strong>Tomi Rae Augustus Lahren es una presentadora de televisi\u00f3n y personalidad medi\u00e1tica estadounidense, conocida por sus opiniones francas y su audaz presencia en los medios de comunicaci\u00f3n; adquiri\u00f3 notoriedad presentando <em>Tomi<\/em> en TheBlaze, donde sus segmentos de \"reflexiones finales\" abordaban con frecuencia cuestiones pol\u00edticas.<\/strong><\/p>\n\n\n\n<hr class=\"wp-block-separator has-alpha-channel-opacity is-style-wide\"\/>\n\n\n<style>.kb-row-layout-id67122_f4c528-f8 > .kt-row-column-wrap{align-content:start;}:where(.kb-row-layout-id67122_f4c528-f8 > .kt-row-column-wrap) > .wp-block-kadence-column{justify-content:start;}.kb-row-layout-id67122_f4c528-f8 > .kt-row-column-wrap{column-gap:var(--global-kb-gap-md, 2rem);row-gap:var(--global-kb-gap-md, 2rem);padding-top:var(--global-kb-spacing-sm, 1.5rem);padding-bottom:var(--global-kb-spacing-sm, 1.5rem);grid-template-columns:repeat(2, minmax(0, 1fr));}.kb-row-layout-id67122_f4c528-f8 > .kt-row-layout-overlay{opacity:0.30;}@media all and (max-width: 1024px){.kb-row-layout-id67122_f4c528-f8 > .kt-row-column-wrap{grid-template-columns:repeat(2, minmax(0, 1fr));}}@media all and (max-width: 767px){.kb-row-layout-id67122_f4c528-f8 > .kt-row-column-wrap{grid-template-columns:minmax(0, 1fr);}}<\/style><div class=\"kb-row-layout-wrap kb-row-layout-id67122_f4c528-f8 alignnone wp-block-kadence-rowlayout\"><div class=\"kt-row-column-wrap kt-has-2-columns kt-row-layout-equal kt-tab-layout-inherit kt-mobile-layout-row kt-row-valign-top\">\n<style>.kadence-column67122_cb4849-90 > .kt-inside-inner-col,.kadence-column67122_cb4849-90 > .kt-inside-inner-col:before{border-top-left-radius:0px;border-top-right-radius:0px;border-bottom-right-radius:0px;border-bottom-left-radius:0px;}.kadence-column67122_cb4849-90 > .kt-inside-inner-col{column-gap:var(--global-kb-gap-sm, 1rem);}.kadence-column67122_cb4849-90 > .kt-inside-inner-col{flex-direction:column;}.kadence-column67122_cb4849-90 > .kt-inside-inner-col > .aligncenter{width:100%;}.kadence-column67122_cb4849-90 > .kt-inside-inner-col:before{opacity:0.3;}.kadence-column67122_cb4849-90{position:relative;}@media all and (max-width: 1024px){.kadence-column67122_cb4849-90 > .kt-inside-inner-col{flex-direction:column;justify-content:center;}}@media all and (max-width: 767px){.kadence-column67122_cb4849-90 > .kt-inside-inner-col{flex-direction:column;justify-content:center;}}<\/style>\n<div class=\"wp-block-kadence-column kadence-column67122_cb4849-90\"><div class=\"kt-inside-inner-col\">\n<h2 class=\"wp-block-heading\"><strong>Biograf\u00eda ilustrada de Tomi Lahren<\/strong><\/h2>\n\n\n\n<figure class=\"wp-block-image size-large\"><img decoding=\"async\" width=\"1024\" height=\"576\" src=\"https:\/\/scottmax.com\/wp-content\/uploads\/2025\/01\/Tomi-Lahren-portrait-1024x576.jpeg\" alt=\"Tomi Lahren biograf\u00eda ilustrada, retrato\" class=\"wp-image-67131\" srcset=\"https:\/\/scottmax.com\/wp-content\/uploads\/2025\/01\/Tomi-Lahren-portrait-1024x576.jpeg 1024w, https:\/\/scottmax.com\/wp-content\/uploads\/2025\/01\/Tomi-Lahren-portrait-300x169.jpeg 300w, https:\/\/scottmax.com\/wp-content\/uploads\/2025\/01\/Tomi-Lahren-portrait-768x432.jpeg 768w, https:\/\/scottmax.com\/wp-content\/uploads\/2025\/01\/Tomi-Lahren-portrait-18x10.jpeg 18w, https:\/\/scottmax.com\/wp-content\/uploads\/2025\/01\/Tomi-Lahren-portrait.jpeg 1280w\" sizes=\"(max-width: 1024px) 100vw, 1024px\" \/><\/figure>\n<\/div><\/div>\n\n\n<style>.kadence-column67122_ea761e-a8 > .kt-inside-inner-col,.kadence-column67122_ea761e-a8 > .kt-inside-inner-col:before{border-top-left-radius:0px;border-top-right-radius:0px;border-bottom-right-radius:0px;border-bottom-left-radius:0px;}.kadence-column67122_ea761e-a8 > .kt-inside-inner-col{column-gap:var(--global-kb-gap-sm, 1rem);}.kadence-column67122_ea761e-a8 > .kt-inside-inner-col{flex-direction:column;}.kadence-column67122_ea761e-a8 > .kt-inside-inner-col > .aligncenter{width:100%;}.kadence-column67122_ea761e-a8 > .kt-inside-inner-col:before{opacity:0.3;}.kadence-column67122_ea761e-a8{position:relative;}@media all and (max-width: 1024px){.kadence-column67122_ea761e-a8 > .kt-inside-inner-col{flex-direction:column;justify-content:center;}}@media all and (max-width: 767px){.kadence-column67122_ea761e-a8 > .kt-inside-inner-col{flex-direction:column;justify-content:center;}}<\/style>\n<div class=\"wp-block-kadence-column kadence-column67122_ea761e-a8\"><div class=\"kt-inside-inner-col\">\n<h4 class=\"wp-block-heading\">\u00bfLe gustar\u00eda aprender a crear usted mismo un negocio en Internet?<\/h4>\n\n\n\n<p class=\"wp-block-paragraph\">Pruebe nuestro <strong><a href=\"https:\/\/scottmax.com\/master-in-digital-marketing-business\/\" data-type=\"link\" data-id=\"https:\/\/scottmax.com\/master-in-digital-marketing-business\/\">curso gratuito de marketing digital y negocios<\/a>.<\/strong><\/p>\n\n\n\n<p class=\"wp-block-paragraph\">Nuestro programa de m\u00e1ster altamente pr\u00e1ctico le convertir\u00e1 en un profesional del marketing digital capaz de:<\/p>\n\n\n\n<p class=\"wp-block-paragraph\"><strong>\u2714\ufe0f Comenzar y dirigir su propio negocio en l\u00ednea<br>\u2714\ufe0f Conseguir el trabajo de marketing digital que desea.<\/strong><\/p>\n\n\n\n<p class=\"has-theme-palette-8-background-color has-background wp-block-paragraph\"><strong><a href=\"https:\/\/scottmax.com\/master-in-digital-marketing-business\/\" data-type=\"link\" data-id=\"https:\/\/scottmax.com\/master-in-digital-marketing-business\/\">-&gt; Iniciar curso\ud83d\udd25<\/a><\/strong><\/p>\n<\/div><\/div>\n\n<\/div><\/div>\n\n\n<hr class=\"wp-block-separator has-alpha-channel-opacity is-style-wide\"\/>\n\n\n\n<p class=\"wp-block-paragraph\"><\/p>\n\n\n\n<hr class=\"wp-block-separator has-alpha-channel-opacity is-style-wide\"\/>\n\n\n\n<h3 class=\"wp-block-heading\">Pero primero...<\/h3>\n\n\n\n<p class=\"wp-block-paragraph\">\u00a1Hola! \u00bfEst\u00e1 listo para llevar sus sue\u00f1os empresariales al siguiente nivel y alcanzar la libertad financiera? No busque m\u00e1s, porque tengo algo incre\u00edble que compartir con usted - <strong>el Bolet\u00edn de Scott Max.<\/strong><\/p>\n\n\n\n<p class=\"wp-block-paragraph\">Imag\u00ednese esto: un bolet\u00edn de noticias que le ofrece consejos de expertos, valiosos puntos de vista y estrategias pr\u00e1cticas para ayudarle a construir y hacer crecer un negocio de \u00e9xito. Es como tener un amigo de confianza a su lado, apoy\u00e1ndole en su camino hacia el \u00e9xito.<\/p>\n\n\n\n<p class=\"wp-block-paragraph\">Esto es lo que puede esperar cuando se suscriba a nuestro bolet\u00edn exclusivo:<\/p>\n\n\n\n<h4 class=\"wp-block-heading\">1\/ An\u00e1lisis empresarial:<\/h4>\n\n\n\n<p class=\"wp-block-paragraph\">Adel\u00e1ntese a los acontecimientos con nuestro an\u00e1lisis empresarial en profundidad. Nuestro equipo de expertos en el sector disecciona las estrategias de mercado en tendencia, destaca las oportunidades emergentes y ofrece perspectivas que pueden marcar la diferencia en su viaje empresarial.<\/p>\n\n\n\n<figure class=\"wp-block-image size-large\"><img decoding=\"async\" width=\"1024\" height=\"427\" src=\"https:\/\/scottmax.com\/wp-content\/uploads\/2025\/01\/Tomi-Lahren-going-through-business-analysis-1024x427.jpeg\" alt=\"Tomi Lahren pasando por el an\u00e1lisis empresarial\" class=\"wp-image-67132\" srcset=\"https:\/\/scottmax.com\/wp-content\/uploads\/2025\/01\/Tomi-Lahren-going-through-business-analysis-1024x427.jpeg 1024w, https:\/\/scottmax.com\/wp-content\/uploads\/2025\/01\/Tomi-Lahren-going-through-business-analysis-300x125.jpeg 300w, https:\/\/scottmax.com\/wp-content\/uploads\/2025\/01\/Tomi-Lahren-going-through-business-analysis-768x320.jpeg 768w, https:\/\/scottmax.com\/wp-content\/uploads\/2025\/01\/Tomi-Lahren-going-through-business-analysis-18x8.jpeg 18w, https:\/\/scottmax.com\/wp-content\/uploads\/2025\/01\/Tomi-Lahren-going-through-business-analysis.jpeg 1536w\" sizes=\"(max-width: 1024px) 100vw, 1024px\" \/><\/figure>\n\n\n\n<h4 class=\"wp-block-heading\">2\/ Gu\u00edas paso a paso pr\u00e1cticas:<\/h4>\n\n\n\n<p class=\"wp-block-paragraph\">Crear una empresa puede ser abrumador, pero nosotros le tenemos cubierto. Nuestras gu\u00edas, meticulosamente elaboradas, le llevar\u00e1n a trav\u00e9s de cada etapa, proporcion\u00e1ndole instrucciones claras y consejos pr\u00e1cticos que le ayudar\u00e1n a superar los retos y alcanzar sus objetivos.<\/p>\n\n\n\n<figure class=\"wp-block-image size-large\"><img decoding=\"async\" width=\"1024\" height=\"427\" src=\"https:\/\/scottmax.com\/wp-content\/uploads\/2025\/01\/Tomi-Lahren-on-a-laptop-as-a-teenager-1024x427.jpeg\" alt=\"Tomi Lahren en un port\u00e1til cuando era adolescente\" class=\"wp-image-67134\" srcset=\"https:\/\/scottmax.com\/wp-content\/uploads\/2025\/01\/Tomi-Lahren-on-a-laptop-as-a-teenager-1024x427.jpeg 1024w, https:\/\/scottmax.com\/wp-content\/uploads\/2025\/01\/Tomi-Lahren-on-a-laptop-as-a-teenager-300x125.jpeg 300w, https:\/\/scottmax.com\/wp-content\/uploads\/2025\/01\/Tomi-Lahren-on-a-laptop-as-a-teenager-768x320.jpeg 768w, https:\/\/scottmax.com\/wp-content\/uploads\/2025\/01\/Tomi-Lahren-on-a-laptop-as-a-teenager-18x8.jpeg 18w, https:\/\/scottmax.com\/wp-content\/uploads\/2025\/01\/Tomi-Lahren-on-a-laptop-as-a-teenager.jpeg 1536w\" sizes=\"(max-width: 1024px) 100vw, 1024px\" \/><\/figure>\n\n\n\n<h4 class=\"wp-block-heading\">3\/ Abra el camino hacia la libertad:<\/h4>\n\n\n\n<p class=\"wp-block-paragraph\">Entendemos que el objetivo \u00faltimo de muchos empresarios es alcanzar la libertad financiera. Nuestro bolet\u00edn comparte estrategias probadas y enfoques innovadores para ayudarle a liberarse de las limitaciones tradicionales de la vida laboral y construir un negocio que se alinee con sus sue\u00f1os.<\/p>\n\n\n\n<figure class=\"wp-block-image size-large\"><img decoding=\"async\" width=\"1024\" height=\"427\" src=\"https:\/\/scottmax.com\/wp-content\/uploads\/2025\/01\/Tomi-Lahren-on-a-beach-having-fun-1024x427.jpeg\" alt=\"Tomi Lahren en una playa divirti\u00e9ndose\" class=\"wp-image-67133\" srcset=\"https:\/\/scottmax.com\/wp-content\/uploads\/2025\/01\/Tomi-Lahren-on-a-beach-having-fun-1024x427.jpeg 1024w, https:\/\/scottmax.com\/wp-content\/uploads\/2025\/01\/Tomi-Lahren-on-a-beach-having-fun-300x125.jpeg 300w, https:\/\/scottmax.com\/wp-content\/uploads\/2025\/01\/Tomi-Lahren-on-a-beach-having-fun-768x320.jpeg 768w, https:\/\/scottmax.com\/wp-content\/uploads\/2025\/01\/Tomi-Lahren-on-a-beach-having-fun-18x8.jpeg 18w, https:\/\/scottmax.com\/wp-content\/uploads\/2025\/01\/Tomi-Lahren-on-a-beach-having-fun.jpeg 1536w\" sizes=\"(max-width: 1024px) 100vw, 1024px\" \/><\/figure>\n\n\n\n<p class=\"wp-block-paragraph\">As\u00ed que, amigo, embarqu\u00e9monos juntos en este apasionante viaje. Al suscribirse a nuestro bolet\u00edn, tendr\u00e1 acceso a valiosas ideas, consejos pr\u00e1cticos y el apoyo que necesita para prosperar en sus esfuerzos empresariales.<\/p>\n\n\n\n<h2 class=\"wp-block-heading has-text-align-center\">\u00bfListo para dar el salto?<\/h2>\n\n\n\n<div class=\"wp-block-buttons is-content-justification-center is-layout-flex wp-container-core-buttons-is-layout-fe48e5de wp-block-buttons-is-layout-flex\">\n<div class=\"wp-block-button\"><a class=\"wp-block-button__link wp-element-button\" href=\"https:\/\/scottmax.beehiiv.com\" target=\"_blank\" rel=\"noopener\">suscr\u00edbase al bolet\u00edn<\/a><\/div>\n<\/div>\n\n\n\n<hr class=\"wp-block-separator has-alpha-channel-opacity is-style-wide\"\/>\n\n\n\n<h2 class=\"wp-block-heading\">1. Introducci\u00f3n<\/h2>\n\n\n\n<p class=\"wp-block-paragraph\">Tomi Lahren es la presentadora de <em>Tomi Lahren no tiene miedo<\/em> en Outkick.com, donde comparte sus audaces opiniones sobre los temas culturales de moda que dan forma a las conversaciones en todo EE.UU. Participa regularmente en entrevistas como invitada con figuras influyentes del deporte, el entretenimiento y las redes sociales. <\/p>\n\n\n\n<p class=\"wp-block-paragraph\">Adem\u00e1s de su papel en Outkick, Lahren es colaboradora de FOX News Media y proporciona comentarios a trav\u00e9s de FOX News Audio, ofreciendo breves puntos de vista sobre diversos temas, incluyendo la pol\u00edtica y la cultura pop, que se emiten a trav\u00e9s de m\u00e1s de 160 emisoras de radio de FOX News.<\/p>\n\n\n\n<p class=\"wp-block-paragraph\">Con m\u00e1s de 8 millones de seguidores en las redes sociales, Lahren se ha ganado la atenci\u00f3n general por sus v\u00eddeos de opini\u00f3n virales. <\/p>\n\n\n\n<p class=\"wp-block-paragraph\">Anteriormente fue presentadora de <em>Reflexiones finales<\/em> y <em>Sin interrupci\u00f3n<\/em> en FOX Nation y ha realizado entrevistas de alto nivel con figuras notables como Caitlyn Jenner, Clay Aiken, Josh Bilicki y la leyenda de la UFC Tito Ortiz. <\/p>\n\n\n\n<p class=\"wp-block-paragraph\">Desde que se uni\u00f3 a FOX News Media en 2017, se ha convertido en una voz destacada en varios programas.<\/p>\n\n\n\n<p class=\"wp-block-paragraph\">Antes de su trabajo en FOX News, Lahren fue presentadora de <em>Tomi<\/em> en The Blaze y <em>On Point con Tomi Lahren<\/em> en One America News Network. <\/p>\n\n\n\n<p class=\"wp-block-paragraph\">Natural de Rapid City, Dakota del Sur, es licenciada en periodismo audiovisual y ciencias pol\u00edticas por la Universidad de Nevada, Las Vegas, donde tambi\u00e9n produjo y present\u00f3 el programa de mesa redonda pol\u00edtica <em>La lucha<\/em> en UNLV-TV.<\/p>\n\n\n\n<p class=\"wp-block-paragraph\">Adem\u00e1s de su carrera en los medios de comunicaci\u00f3n, Lahren es autora de <em>Nunca se haga el muerto: C\u00f3mo la verdad le hace imparable<\/em>, un libro de motivaci\u00f3n que anima a los lectores a superar el miedo, abrazar la fuerza interior y decir la verdad.<\/p>\n\n\n<style>.kb-row-layout-id67122_843b0d-53 > .kt-row-column-wrap{align-content:start;}:where(.kb-row-layout-id67122_843b0d-53 > .kt-row-column-wrap) > .wp-block-kadence-column{justify-content:start;}.kb-row-layout-id67122_843b0d-53 > .kt-row-column-wrap{column-gap:var(--global-kb-gap-md, 2rem);row-gap:var(--global-kb-gap-md, 2rem);padding-top:var(--global-kb-spacing-sm, 1.5rem);padding-bottom:var(--global-kb-spacing-sm, 1.5rem);}.kb-row-layout-id67122_843b0d-53 > .kt-row-column-wrap > div:not(.added-for-specificity){grid-column:initial;}.kb-row-layout-id67122_843b0d-53 > .kt-row-column-wrap{grid-template-columns:minmax(0, 1fr) minmax(0, 6fr) minmax(0, 1fr);}.kb-row-layout-id67122_843b0d-53 > .kt-row-layout-overlay{opacity:0.30;}@media all and (max-width: 1024px){.kb-row-layout-id67122_843b0d-53 > .kt-row-column-wrap > div:not(.added-for-specificity){grid-column:initial;}}@media all and (max-width: 1024px){.kb-row-layout-id67122_843b0d-53 > .kt-row-column-wrap{grid-template-columns:minmax(0, 1fr) minmax(0, 6fr) minmax(0, 1fr);}}@media all and (max-width: 767px){.kb-row-layout-id67122_843b0d-53 > .kt-row-column-wrap > div:not(.added-for-specificity){grid-column:initial;}.kb-row-layout-id67122_843b0d-53 > .kt-row-column-wrap{grid-template-columns:minmax(0, 1fr);}}<\/style><div class=\"kb-row-layout-wrap kb-row-layout-id67122_843b0d-53 alignnone wp-block-kadence-rowlayout\"><div class=\"kt-row-column-wrap kt-has-3-columns kt-row-layout-center-exwide kt-tab-layout-inherit kt-mobile-layout-row kt-row-valign-top\">\n<style>.kadence-column67122_500848-9b > .kt-inside-inner-col,.kadence-column67122_500848-9b > .kt-inside-inner-col:before{border-top-left-radius:0px;border-top-right-radius:0px;border-bottom-right-radius:0px;border-bottom-left-radius:0px;}.kadence-column67122_500848-9b > .kt-inside-inner-col{column-gap:var(--global-kb-gap-sm, 1rem);}.kadence-column67122_500848-9b > .kt-inside-inner-col{flex-direction:column;}.kadence-column67122_500848-9b > .kt-inside-inner-col > .aligncenter{width:100%;}.kadence-column67122_500848-9b > .kt-inside-inner-col:before{opacity:0.3;}.kadence-column67122_500848-9b{position:relative;}@media all and (max-width: 1024px){.kadence-column67122_500848-9b > .kt-inside-inner-col{flex-direction:column;justify-content:center;}}@media all and (max-width: 767px){.kadence-column67122_500848-9b > .kt-inside-inner-col{flex-direction:column;justify-content:center;}}<\/style>\n<div class=\"wp-block-kadence-column kadence-column67122_500848-9b\"><div class=\"kt-inside-inner-col\"><\/div><\/div>\n\n\n<style>.kadence-column67122_bc603a-1a > .kt-inside-inner-col,.kadence-column67122_bc603a-1a > .kt-inside-inner-col:before{border-top-left-radius:0px;border-top-right-radius:0px;border-bottom-right-radius:0px;border-bottom-left-radius:0px;}.kadence-column67122_bc603a-1a > .kt-inside-inner-col{column-gap:var(--global-kb-gap-sm, 1rem);}.kadence-column67122_bc603a-1a > .kt-inside-inner-col{flex-direction:column;}.kadence-column67122_bc603a-1a > .kt-inside-inner-col > .aligncenter{width:100%;}.kadence-column67122_bc603a-1a > .kt-inside-inner-col:before{opacity:0.3;}.kadence-column67122_bc603a-1a{position:relative;}@media all and (max-width: 1024px){.kadence-column67122_bc603a-1a > .kt-inside-inner-col{flex-direction:column;justify-content:center;}}@media all and (max-width: 767px){.kadence-column67122_bc603a-1a > .kt-inside-inner-col{flex-direction:column;justify-content:center;}}<\/style>\n<div class=\"wp-block-kadence-column kadence-column67122_bc603a-1a\"><div class=\"kt-inside-inner-col\">\n<figure class=\"wp-block-image size-full\"><img decoding=\"async\" width=\"1024\" height=\"1024\" src=\"https:\/\/scottmax.com\/wp-content\/uploads\/2025\/01\/Tomi-Lahren-in-a-TV-show-1.jpeg\" alt=\"Tomi Lahren como presentadora de televisi\u00f3n\" class=\"wp-image-67135\" srcset=\"https:\/\/scottmax.com\/wp-content\/uploads\/2025\/01\/Tomi-Lahren-in-a-TV-show-1.jpeg 1024w, https:\/\/scottmax.com\/wp-content\/uploads\/2025\/01\/Tomi-Lahren-in-a-TV-show-1-300x300.jpeg 300w, https:\/\/scottmax.com\/wp-content\/uploads\/2025\/01\/Tomi-Lahren-in-a-TV-show-1-150x150.jpeg 150w, https:\/\/scottmax.com\/wp-content\/uploads\/2025\/01\/Tomi-Lahren-in-a-TV-show-1-768x768.jpeg 768w, https:\/\/scottmax.com\/wp-content\/uploads\/2025\/01\/Tomi-Lahren-in-a-TV-show-1-12x12.jpeg 12w\" sizes=\"(max-width: 1024px) 100vw, 1024px\" \/><\/figure>\n<\/div><\/div>\n\n\n<style>.kadence-column67122_143d9d-ce > .kt-inside-inner-col,.kadence-column67122_143d9d-ce > .kt-inside-inner-col:before{border-top-left-radius:0px;border-top-right-radius:0px;border-bottom-right-radius:0px;border-bottom-left-radius:0px;}.kadence-column67122_143d9d-ce > .kt-inside-inner-col{column-gap:var(--global-kb-gap-sm, 1rem);}.kadence-column67122_143d9d-ce > .kt-inside-inner-col{flex-direction:column;}.kadence-column67122_143d9d-ce > .kt-inside-inner-col > .aligncenter{width:100%;}.kadence-column67122_143d9d-ce > .kt-inside-inner-col:before{opacity:0.3;}.kadence-column67122_143d9d-ce{position:relative;}@media all and (max-width: 1024px){.kadence-column67122_143d9d-ce > .kt-inside-inner-col{flex-direction:column;justify-content:center;}}@media all and (max-width: 767px){.kadence-column67122_143d9d-ce > .kt-inside-inner-col{flex-direction:column;justify-content:center;}}<\/style>\n<div class=\"wp-block-kadence-column kadence-column67122_143d9d-ce\"><div class=\"kt-inside-inner-col\"><\/div><\/div>\n\n<\/div><\/div>\n\n\n<h2 class=\"wp-block-heading\">2. Primeros a\u00f1os y carrera de Tomi Lahren<\/h2>\n\n\n\n<hr class=\"wp-block-separator has-alpha-channel-opacity is-style-wide\"\/>\n\n\n\n<p class=\"wp-block-paragraph\">Tomi Rae Augustus Lahren naci\u00f3 el 11 de agosto de 1992 en Rapid City, Dakota del Sur, hija de Trudy y Kevin Lahren. <\/p>\n\n\n\n<p class=\"wp-block-paragraph\">Criada como hija \u00fanica en una familia de clase media, sus padres eran propietarios de un rancho en el que trabaj\u00f3 junto a ellos durante su adolescencia. Lahren tiene ascendencia alemana y noruega.<\/p>\n\n\n\n<p class=\"wp-block-paragraph\">Asisti\u00f3 al Rapid City Central High School, donde fue una estudiante diligente y desarroll\u00f3 un temprano inter\u00e9s por la pol\u00edtica, influida por las discusiones familiares y el consumo frecuente de noticias. <\/p>\n\n\n\n<p class=\"wp-block-paragraph\">Su pasi\u00f3n por el comentario pol\u00edtico creci\u00f3 con el tiempo, llev\u00e1ndola finalmente a seguir una carrera en este campo.<\/p>\n\n\n\n<p class=\"wp-block-paragraph\">Despu\u00e9s del instituto, Lahren se traslad\u00f3 a Nevada para estudiar periodismo radiof\u00f3nico y ciencias pol\u00edticas en la Universidad de Nevada, Las Vegas. <\/p>\n\n\n\n<p class=\"wp-block-paragraph\">Mientras estudiaba en la universidad, adquiri\u00f3 experiencia como presentadora y productora en <em>La lucha<\/em>un programa de debate pol\u00edtico. <\/p>\n\n\n\n<p class=\"wp-block-paragraph\">Tras graduarse, hizo pr\u00e1cticas en la oficina de Rapid City a las \u00f3rdenes de Kristi Noem, miembro del Partido Republicano.<\/p>\n\n\n\n<figure class=\"wp-block-image size-large\"><img decoding=\"async\" width=\"1024\" height=\"576\" src=\"https:\/\/scottmax.com\/wp-content\/uploads\/2025\/01\/Kristi-Noem-portrait-1024x576.jpeg\" alt=\"Retrato de Kristi Noem\" class=\"wp-image-67136\" srcset=\"https:\/\/scottmax.com\/wp-content\/uploads\/2025\/01\/Kristi-Noem-portrait-1024x576.jpeg 1024w, https:\/\/scottmax.com\/wp-content\/uploads\/2025\/01\/Kristi-Noem-portrait-300x169.jpeg 300w, https:\/\/scottmax.com\/wp-content\/uploads\/2025\/01\/Kristi-Noem-portrait-768x432.jpeg 768w, https:\/\/scottmax.com\/wp-content\/uploads\/2025\/01\/Kristi-Noem-portrait-18x10.jpeg 18w, https:\/\/scottmax.com\/wp-content\/uploads\/2025\/01\/Kristi-Noem-portrait.jpeg 1280w\" sizes=\"(max-width: 1024px) 100vw, 1024px\" \/><\/figure>\n\n\n\n<p class=\"wp-block-paragraph\">La carrera de Lahren despeg\u00f3 cuando consigui\u00f3 una entrevista con One America News Network (OANN). <\/p>\n\n\n\n<p class=\"wp-block-paragraph\">Impresionada por su conocimiento de la pol\u00edtica estadounidense, la cadena le ofreci\u00f3 un programa propio, <em>On Point con Tomi Lahren<\/em>, que debut\u00f3 en 2014. <\/p>\n\n\n\n<p class=\"wp-block-paragraph\">Al trasladarse a San Diego para desempe\u00f1ar este papel, se posicion\u00f3 como \"conservadora constitucional\" y adopt\u00f3 la identidad de comentarista pol\u00edtica m\u00e1s que de periodista.<\/p>\n\n\n\n<p class=\"wp-block-paragraph\">Sus opiniones francas sobre diversos temas, como el feminismo y la pol\u00edtica conservadora, han desatado la pol\u00e9mica. <\/p>\n\n\n\n<p class=\"wp-block-paragraph\">A pesar de identificarse como antifeminista, apoya el empoderamiento de las mujeres. <\/p>\n\n\n\n<p class=\"wp-block-paragraph\">Sus segmentos, especialmente \"Reflexiones finales\", ganaron popularidad por sus comentarios directos sobre los acontecimientos noticiosos, como su diatriba viral sobre el tiroteo de Chattanooga de 2015.<\/p>\n\n\n\n<p class=\"wp-block-paragraph\">En agosto de 2015, hab\u00eda terminado su etapa en la OANN y m\u00e1s tarde se uni\u00f3 a <em>TheBlaze<\/em>lanzando su propio programa, <em>Tomi<\/em>. Su cr\u00edtica a Barack Obama durante el tiroteo de Chattanooga le vali\u00f3 una importante atenci\u00f3n. <\/p>\n\n\n\n<p class=\"wp-block-paragraph\">En 2016, asesor\u00f3 al equipo de redes sociales de Donald Trump durante su campa\u00f1a presidencial, aunque inicialmente apoy\u00f3 a Marco Rubio. <\/p>\n\n\n\n<p class=\"wp-block-paragraph\">Ese mismo a\u00f1o, hizo una aparici\u00f3n memorable en <em>The Daily Show con Trevor Noah<\/em>.<\/p>\n\n\n\n<p class=\"wp-block-paragraph\">Lahren se ha enfrentado a menudo a reacciones negativas por sus controvertidas declaraciones, como comparar el movimiento Black Lives Matter (BLM) con el Ku Klux Klan, lo que llev\u00f3 a que se pidiera su destituci\u00f3n de <em>TheBlaze<\/em>. <\/p>\n\n\n\n<p class=\"wp-block-paragraph\">Tambi\u00e9n critic\u00f3 al jugador de f\u00fatbol americano Colin Kaepernick por arrodillarse durante el himno nacional para protestar contra la injusticia racial. <\/p>\n\n\n\n<p class=\"wp-block-paragraph\">Sus opiniones sobre el aborto, en las que expresaba su apoyo al derecho de la mujer a decidir, la distanciaron a\u00fan m\u00e1s de los c\u00edrculos conservadores tradicionales, lo que la llev\u00f3 a ser suspendida temporalmente de <em>TheBlaze<\/em>. <\/p>\n\n\n\n<p class=\"wp-block-paragraph\">Tras un acuerdo legal, abandon\u00f3 la cadena pero mantuvo el control de su presencia en las redes sociales.<\/p>\n\n\n\n<p class=\"wp-block-paragraph\">En 2017, se uni\u00f3 brevemente a la pro-Trump Great America Alliance y pronto empez\u00f3 a colaborar con Fox News. <\/p>\n\n\n\n<p class=\"wp-block-paragraph\">Lahren tambi\u00e9n ha expresado su apoyo al matrimonio entre personas del mismo sexo, otro alejamiento de las opiniones republicanas dominantes. <\/p>\n\n\n\n<p class=\"wp-block-paragraph\">Su postura sobre la inmigraci\u00f3n ha sido pol\u00e9mica, en particular su defensa de la aplicaci\u00f3n de las leyes fronterizas y su apoyo al muro fronterizo entre Estados Unidos y M\u00e9xico propuesto por Trump.<\/p>\n\n\n\n<p class=\"wp-block-paragraph\">A pesar de sus controversias, Lahren sigue siendo una destacada comentarista conservadora, conocida por sus opiniones audaces y sin filtros.<\/p>\n\n\n\n<h2 class=\"wp-block-heading\">3. Salto a la fama y principales logros de Tomi Lahren<\/h2>\n\n\n\n<hr class=\"wp-block-separator has-alpha-channel-opacity is-style-wide\"\/>\n\n\n\n<p class=\"wp-block-paragraph\">Tomi Lahren salt\u00f3 a la fama como comentarista pol\u00edtica conservadora conocida por su estilo fogoso y pol\u00e9mico. <\/p>\n\n\n\n<p class=\"wp-block-paragraph\">Comenz\u00f3 su carrera en la radiodifusi\u00f3n con One America News Network (OANN) en 2014, donde su programa <em>On Point con Tomi Lahren<\/em> llam\u00f3 la atenci\u00f3n, sobre todo por sus segmentos \"Reflexiones finales\". <\/p>\n\n\n\n<p class=\"wp-block-paragraph\">Sus agudas cr\u00edticas a la pol\u00edtica liberal, a la administraci\u00f3n Obama y a movimientos como Black Lives Matter (Las vidas de los negros importan) se hicieron r\u00e1pidamente virales en las redes sociales, lo que le ayud\u00f3 a granjearse un importante n\u00famero de seguidores. <\/p>\n\n\n\n<p class=\"wp-block-paragraph\">En 2015, Lahren se uni\u00f3 a TheBlaze, una red de medios fundada por Glenn Beck, donde sus comentarios sin tapujos, especialmente sobre temas como la protesta de Colin Kaepernick durante el himno nacional, la convirtieron en una de las voces m\u00e1s reconocidas para los j\u00f3venes conservadores.<\/p>\n\n\n\n<p class=\"wp-block-paragraph\">La influencia de Lahren creci\u00f3 cuando se convirti\u00f3 en una partidaria clave de Donald Trump durante las elecciones de 2016, lo que ciment\u00f3 a\u00fan m\u00e1s su estatus en el panorama medi\u00e1tico conservador. <\/p>\n\n\n\n<figure class=\"wp-block-image size-large\"><img decoding=\"async\" width=\"1024\" height=\"576\" src=\"https:\/\/scottmax.com\/wp-content\/uploads\/2025\/01\/donald-trump-portrait-1024x576.jpeg\" alt=\"El retrato de Donald Trump\" class=\"wp-image-67137\" srcset=\"https:\/\/scottmax.com\/wp-content\/uploads\/2025\/01\/donald-trump-portrait-1024x576.jpeg 1024w, https:\/\/scottmax.com\/wp-content\/uploads\/2025\/01\/donald-trump-portrait-300x169.jpeg 300w, https:\/\/scottmax.com\/wp-content\/uploads\/2025\/01\/donald-trump-portrait-768x432.jpeg 768w, https:\/\/scottmax.com\/wp-content\/uploads\/2025\/01\/donald-trump-portrait-18x10.jpeg 18w, https:\/\/scottmax.com\/wp-content\/uploads\/2025\/01\/donald-trump-portrait.jpeg 1280w\" sizes=\"(max-width: 1024px) 100vw, 1024px\" \/><\/figure>\n\n\n\n<p class=\"wp-block-paragraph\">Tras abandonar TheBlaze en 2017 debido a una disputa por sus comentarios a favor del aborto, hizo apariciones como invitada en cadenas importantes como Fox News y ABC's <em>La vista<\/em>. <\/p>\n\n\n\n<p class=\"wp-block-paragraph\">Con el tiempo, se uni\u00f3 a Fox News como colaboradora y m\u00e1s tarde se convirti\u00f3 en la presentadora de <em>Sin interrupci\u00f3n con Tomi Lahren<\/em> en Fox Nation, ampliando su alcance a un p\u00fablico m\u00e1s amplio. <\/p>\n\n\n\n<p class=\"wp-block-paragraph\">Adem\u00e1s de su presencia en los medios, Lahren public\u00f3 un libro en 2019, <em>Nunca se haga el muerto: C\u00f3mo la verdad le hace imparable<\/em>, donde comparti\u00f3 su trayectoria personal y sus opiniones pol\u00edticas. <\/p>\n\n\n\n<p class=\"wp-block-paragraph\">Tambi\u00e9n es ponente habitual en conferencias conservadoras, como la Conferencia de Acci\u00f3n Pol\u00edtica Conservadora (CPAC), y aborda con regularidad cuestiones de libertad de expresi\u00f3n y correcci\u00f3n pol\u00edtica en los campus universitarios. <\/p>\n\n\n\n<p class=\"wp-block-paragraph\">A pesar de enfrentarse a pol\u00e9micas a lo largo de su carrera, Lahren ha mantenido un fuerte n\u00famero de seguidores y sigue siendo una figura destacada en los medios de comunicaci\u00f3n conservadores.<\/p>\n\n\n\n<h2 class=\"wp-block-heading\">4. El patrimonio neto de Tomi Lahren<\/h2>\n\n\n\n<hr class=\"wp-block-separator has-alpha-channel-opacity is-style-wide\"\/>\n\n\n\n<p class=\"wp-block-paragraph\">Se calcula que Tomi Lahren tiene un patrimonio neto de $6 millones. Al parecer, gana un salario anual de $1 millones por sus apariciones y contribuciones como comentarista de noticias en Fox News. <\/p>\n\n\n\n<figure class=\"wp-block-image size-large\"><img decoding=\"async\" width=\"1024\" height=\"576\" src=\"https:\/\/scottmax.com\/wp-content\/uploads\/2025\/01\/Tomi-Lahrens-Net-worth-portrait-money-background-1024x576.jpeg\" alt=\"El patrimonio neto de Tomi Lahren, sus antecedentes econ\u00f3micos\" class=\"wp-image-67138\" srcset=\"https:\/\/scottmax.com\/wp-content\/uploads\/2025\/01\/Tomi-Lahrens-Net-worth-portrait-money-background-1024x576.jpeg 1024w, https:\/\/scottmax.com\/wp-content\/uploads\/2025\/01\/Tomi-Lahrens-Net-worth-portrait-money-background-300x169.jpeg 300w, https:\/\/scottmax.com\/wp-content\/uploads\/2025\/01\/Tomi-Lahrens-Net-worth-portrait-money-background-768x432.jpeg 768w, https:\/\/scottmax.com\/wp-content\/uploads\/2025\/01\/Tomi-Lahrens-Net-worth-portrait-money-background-18x10.jpeg 18w, https:\/\/scottmax.com\/wp-content\/uploads\/2025\/01\/Tomi-Lahrens-Net-worth-portrait-money-background.jpeg 1280w\" sizes=\"(max-width: 1024px) 100vw, 1024px\" \/><\/figure>\n\n\n\n<p class=\"wp-block-paragraph\">En mayo de 2024, Lahren se asoci\u00f3 con Emily Compagno para lanzar una empresa de gesti\u00f3n de eventos, invirtiendo cada una $500.000. Tambi\u00e9n planean expandirse a la industria cosm\u00e9tica en un futuro pr\u00f3ximo.<\/p>\n\n\n\n<p class=\"wp-block-paragraph\">La cartera financiera de Lahren incluye una cartera de acciones valorada en m\u00e1s de $1,3 millones, con inversiones en grandes empresas como Alphabet, Pfizer, Apple, Microsoft, Netflix, UnitedHealth Group, Visa y Walmart. <\/p>\n\n\n\n<p class=\"wp-block-paragraph\">Sus propiedades inmobiliarias tambi\u00e9n son diversas, incluyendo su residencia principal en Nashville, Tennessee, una casa de vacaciones en Palm Beach, Florida (comprada a Sean Hannity), y una propiedad de inversi\u00f3n en Dallas, Texas. <\/p>\n\n\n\n<p class=\"wp-block-paragraph\">Adem\u00e1s, Lahren posee propiedades agr\u00edcolas, como una granja de $600.000 en Georgia. <\/p>\n\n\n\n<p class=\"wp-block-paragraph\">En abril de 2020, compr\u00f3 una casa en Nashville por $700.000, que puso en alquiler en septiembre de 2023 por $5.000 al mes.<\/p>\n\n\n\n<h2 class=\"wp-block-heading\">5. La vida personal de Tomi Lahren<\/h2>\n\n\n\n<hr class=\"wp-block-separator has-alpha-channel-opacity is-style-wide\"\/>\n\n\n\n<p class=\"wp-block-paragraph\">Tomi Lahren se licenci\u00f3 en periodismo radiof\u00f3nico en la Universidad de Nevada, Las Vegas. <\/p>\n\n\n\n<p class=\"wp-block-paragraph\">A lo largo de los a\u00f1os, ha mantenido relaciones de alto nivel, entre ellas con el quarterback de la NFL Kyle Allen y el m\u00fasico Brandon Fricke, aunque actualmente est\u00e1 soltera. <\/p>\n\n\n<style>.kb-row-layout-id67122_a7103d-73 > .kt-row-column-wrap{align-content:start;}:where(.kb-row-layout-id67122_a7103d-73 > .kt-row-column-wrap) > .wp-block-kadence-column{justify-content:start;}.kb-row-layout-id67122_a7103d-73 > .kt-row-column-wrap{column-gap:var(--global-kb-gap-md, 2rem);row-gap:var(--global-kb-gap-md, 2rem);padding-top:var(--global-kb-spacing-sm, 1.5rem);padding-bottom:var(--global-kb-spacing-sm, 1.5rem);grid-template-columns:repeat(2, minmax(0, 1fr));}.kb-row-layout-id67122_a7103d-73 > .kt-row-layout-overlay{opacity:0.30;}@media all and (max-width: 1024px){.kb-row-layout-id67122_a7103d-73 > .kt-row-column-wrap{grid-template-columns:repeat(2, minmax(0, 1fr));}}@media all and (max-width: 767px){.kb-row-layout-id67122_a7103d-73 > .kt-row-column-wrap{grid-template-columns:repeat(2, minmax(0, 1fr));}}<\/style><div class=\"kb-row-layout-wrap kb-row-layout-id67122_a7103d-73 alignnone wp-block-kadence-rowlayout\"><div class=\"kt-row-column-wrap kt-has-2-columns kt-row-layout-equal kt-tab-layout-inherit kt-mobile-layout-equal kt-row-valign-top\">\n<style>.kadence-column67122_679bb3-05 > .kt-inside-inner-col,.kadence-column67122_679bb3-05 > .kt-inside-inner-col:before{border-top-left-radius:0px;border-top-right-radius:0px;border-bottom-right-radius:0px;border-bottom-left-radius:0px;}.kadence-column67122_679bb3-05 > .kt-inside-inner-col{column-gap:var(--global-kb-gap-sm, 1rem);}.kadence-column67122_679bb3-05 > .kt-inside-inner-col{flex-direction:column;}.kadence-column67122_679bb3-05 > .kt-inside-inner-col > .aligncenter{width:100%;}.kadence-column67122_679bb3-05 > .kt-inside-inner-col:before{opacity:0.3;}.kadence-column67122_679bb3-05{position:relative;}@media all and (max-width: 1024px){.kadence-column67122_679bb3-05 > .kt-inside-inner-col{flex-direction:column;justify-content:center;}}@media all and (max-width: 767px){.kadence-column67122_679bb3-05 > .kt-inside-inner-col{flex-direction:column;justify-content:center;}}<\/style>\n<div class=\"wp-block-kadence-column kadence-column67122_679bb3-05\"><div class=\"kt-inside-inner-col\">\n<figure class=\"wp-block-image size-large\"><img decoding=\"async\" width=\"796\" height=\"1024\" src=\"https:\/\/scottmax.com\/wp-content\/uploads\/2025\/01\/NFL-players-_Kyle-Allen_-portrait-796x1024.jpeg\" alt=\"Retrato del quarterback de la NFL Kyle Allen\" class=\"wp-image-67139\" srcset=\"https:\/\/scottmax.com\/wp-content\/uploads\/2025\/01\/NFL-players-_Kyle-Allen_-portrait-796x1024.jpeg 796w, https:\/\/scottmax.com\/wp-content\/uploads\/2025\/01\/NFL-players-_Kyle-Allen_-portrait-233x300.jpeg 233w, https:\/\/scottmax.com\/wp-content\/uploads\/2025\/01\/NFL-players-_Kyle-Allen_-portrait-768x987.jpeg 768w, https:\/\/scottmax.com\/wp-content\/uploads\/2025\/01\/NFL-players-_Kyle-Allen_-portrait-9x12.jpeg 9w, https:\/\/scottmax.com\/wp-content\/uploads\/2025\/01\/NFL-players-_Kyle-Allen_-portrait.jpeg 896w\" sizes=\"(max-width: 796px) 100vw, 796px\" \/><\/figure>\n<\/div><\/div>\n\n\n<style>.kadence-column67122_c35783-f0 > .kt-inside-inner-col,.kadence-column67122_c35783-f0 > .kt-inside-inner-col:before{border-top-left-radius:0px;border-top-right-radius:0px;border-bottom-right-radius:0px;border-bottom-left-radius:0px;}.kadence-column67122_c35783-f0 > .kt-inside-inner-col{column-gap:var(--global-kb-gap-sm, 1rem);}.kadence-column67122_c35783-f0 > .kt-inside-inner-col{flex-direction:column;}.kadence-column67122_c35783-f0 > .kt-inside-inner-col > .aligncenter{width:100%;}.kadence-column67122_c35783-f0 > .kt-inside-inner-col:before{opacity:0.3;}.kadence-column67122_c35783-f0{position:relative;}@media all and (max-width: 1024px){.kadence-column67122_c35783-f0 > .kt-inside-inner-col{flex-direction:column;justify-content:center;}}@media all and (max-width: 767px){.kadence-column67122_c35783-f0 > .kt-inside-inner-col{flex-direction:column;justify-content:center;}}<\/style>\n<div class=\"wp-block-kadence-column kadence-column67122_c35783-f0\"><div class=\"kt-inside-inner-col\">\n<figure class=\"wp-block-image size-large\"><img decoding=\"async\" width=\"796\" height=\"1024\" src=\"https:\/\/scottmax.com\/wp-content\/uploads\/2025\/01\/musician-_Brandon-Fricke_-portrait-796x1024.jpeg\" alt=\"retrato del m\u00fasico Brandon Fricke\" class=\"wp-image-67140\" srcset=\"https:\/\/scottmax.com\/wp-content\/uploads\/2025\/01\/musician-_Brandon-Fricke_-portrait-796x1024.jpeg 796w, https:\/\/scottmax.com\/wp-content\/uploads\/2025\/01\/musician-_Brandon-Fricke_-portrait-233x300.jpeg 233w, https:\/\/scottmax.com\/wp-content\/uploads\/2025\/01\/musician-_Brandon-Fricke_-portrait-768x987.jpeg 768w, https:\/\/scottmax.com\/wp-content\/uploads\/2025\/01\/musician-_Brandon-Fricke_-portrait-9x12.jpeg 9w, https:\/\/scottmax.com\/wp-content\/uploads\/2025\/01\/musician-_Brandon-Fricke_-portrait.jpeg 896w\" sizes=\"(max-width: 796px) 100vw, 796px\" \/><\/figure>\n<\/div><\/div>\n\n<\/div><\/div>\n\n\n<p class=\"wp-block-paragraph\">Lahren ha hablado abiertamente de sus luchas contra la ansiedad y la depresi\u00f3n, y ha abogado por la concienciaci\u00f3n sobre la salud mental. <\/p>\n\n\n\n<p class=\"wp-block-paragraph\">Adem\u00e1s de sus comentarios pol\u00edticos, ha participado en el activismo por los derechos de los animales, colaborando con organizaciones para promover su bienestar.<\/p>\n\n\n\n<p class=\"wp-block-paragraph\">La influencia de Lahren en la pol\u00edtica y los medios de comunicaci\u00f3n estadounidenses es innegable. <\/p>\n\n\n\n<p class=\"wp-block-paragraph\">Sus firmes opiniones y agudos comentarios han dado forma al discurso p\u00fablico sobre una serie de cuestiones pol\u00edticas y sociales. <\/p>\n\n\n\n<p class=\"wp-block-paragraph\">Aunque se ha enfrentado a cr\u00edticas y controversias por sus opiniones, Lahren sigue siendo una figura importante en los medios y la pol\u00edtica conservadores. <\/p>\n\n\n\n<p class=\"wp-block-paragraph\">Tambi\u00e9n ha tenido notables acontecimientos personales, como el anuncio de su compromiso con Brandon Fricke en 2019, aunque m\u00e1s tarde lo cancelaron en 2020. <\/p>\n\n\n\n<p class=\"wp-block-paragraph\">En 2021, se la relacion\u00f3 con el locutor de la Fox y ex receptor de la MLB J.P. Arencibia, y se casaron en octubre de 2022. <\/p>\n\n\n\n<p class=\"wp-block-paragraph\">Lahren tambi\u00e9n es conocida por su afici\u00f3n a correr y tiene un tatuaje de una hoja de trigo y la flor del estado de Dakota del Sur en la nuca, as\u00ed como un tatuaje de punto y coma para significar su viaje con la salud mental.<\/p>\n\n\n\n<p class=\"wp-block-paragraph\">En abril de 2020, Lahren se traslad\u00f3 de Los \u00c1ngeles a Nashville, donde contin\u00faa su trabajo como comentarista pol\u00edtica. <\/p>\n\n\n\n<p class=\"wp-block-paragraph\">Tambi\u00e9n es propietaria de un chucho chihuahua llamado Kota, lo que demuestra a\u00fan m\u00e1s su compromiso con el bienestar animal. <\/p>\n\n\n\n<p class=\"wp-block-paragraph\">Gracias a su presencia en los medios de comunicaci\u00f3n y a su labor de defensa, Lahren sigue siendo una voz destacada e influyente en la pol\u00edtica estadounidense.<\/p>\n\n\n\n<p class=\"wp-block-paragraph\">Tomi Lahren es una \u00e1vida amante de los perros y a menudo comparte fotos y v\u00eddeos de su mascota en las redes sociales. <\/p>\n\n\n\n<p class=\"wp-block-paragraph\">M\u00e1s all\u00e1 de sus comentarios pol\u00edticos, es una apasionada del fitness, y comparte regularmente consejos y rutinas de ejercicio con sus seguidores. <\/p>\n\n\n\n<p class=\"wp-block-paragraph\">Gran aficionada a la m\u00fasica country, Lahren asiste con frecuencia a conciertos y festivales para apoyar a sus artistas favoritos.<\/p>\n\n\n\n<p class=\"wp-block-paragraph\">Lahren es conocida por sus opiniones pol\u00edticas conservadoras, en particular por su firme apoyo al ex presidente Donald Trump. <\/p>\n\n\n\n<p class=\"wp-block-paragraph\">Ha adoptado posturas firmes contra las leyes de control de armas, la Ley de Asistencia Sanitaria Asequible y el derecho al aborto. <\/p>\n\n\n\n<p class=\"wp-block-paragraph\">Sus cr\u00edticas al movimiento Black Lives Matter han generado una importante controversia. <\/p>\n\n\n\n<p class=\"wp-block-paragraph\">En materia de inmigraci\u00f3n, Lahren es una firme defensora de un estricto control fronterizo y ha apoyado la construcci\u00f3n de un muro entre Estados Unidos y M\u00e9xico. <\/p>\n\n\n\n<p class=\"wp-block-paragraph\">Tambi\u00e9n ha sido cr\u00edtica con el programa de Acci\u00f3n Diferida para los Llegados en la Infancia (DACA), que protege a los inmigrantes indocumentados tra\u00eddos a Estados Unidos cuando eran ni\u00f1os.<\/p>\n\n\n\n<p class=\"wp-block-paragraph\">Fuera de su vida pol\u00edtica, Lahren disfruta cocinando y experimentando con nuevas recetas. Tambi\u00e9n es conocida por su sentido del humor y a menudo participa en interacciones desenfadadas con sus seguidores en las redes sociales.<\/p>\n\n\n\n<p class=\"wp-block-paragraph\">En los medios conservadores, Lahren ha causado un notable impacto. Su audacia y su enfoque sin filtros resuenan entre muchos conservadores, posicion\u00e1ndola como una voz destacada en el movimiento. <\/p>\n\n\n\n<p class=\"wp-block-paragraph\">Su amplia presencia en los medios de comunicaci\u00f3n ha consolidado su papel como pieza clave en la configuraci\u00f3n del discurso conservador, y es probable que siga influyendo en el panorama pol\u00edtico en los pr\u00f3ximos a\u00f1os.<\/p>\n\n\n\n<h2 class=\"wp-block-heading\">6. Conclusi\u00f3n<\/h2>\n\n\n\n<hr class=\"wp-block-separator has-alpha-channel-opacity is-style-wide\"\/>\n\n\n\n<p class=\"wp-block-paragraph\">En conclusi\u00f3n, aunque la carrera de Tomi Lahren ha suscitado controversias y cr\u00edticas, sigue siendo una presencia significativa e influyente en la pol\u00edtica estadounidense. <\/p>\n\n\n\n<p class=\"wp-block-paragraph\">Sus aventuras empresariales, sus inversiones y su filantrop\u00eda han contribuido a su \u00e9xito financiero. <\/p>\n\n\n<style>.kb-row-layout-id67122_3fe899-1c > .kt-row-column-wrap{align-content:start;}:where(.kb-row-layout-id67122_3fe899-1c > .kt-row-column-wrap) > .wp-block-kadence-column{justify-content:start;}.kb-row-layout-id67122_3fe899-1c > .kt-row-column-wrap{column-gap:var(--global-kb-gap-md, 2rem);row-gap:var(--global-kb-gap-md, 2rem);padding-top:var(--global-kb-spacing-sm, 1.5rem);padding-bottom:var(--global-kb-spacing-sm, 1.5rem);grid-template-columns:minmax(0, calc(10% - ((var(--global-kb-gap-md, 2rem) * 2 )\/3)))minmax(0, calc(80% - ((var(--global-kb-gap-md, 2rem) * 2 )\/3)))minmax(0, calc(10% - ((var(--global-kb-gap-md, 2rem) * 2 )\/3)));}.kb-row-layout-id67122_3fe899-1c > .kt-row-layout-overlay{opacity:0.30;}@media all and (max-width: 1024px){.kb-row-layout-id67122_3fe899-1c > .kt-row-column-wrap > div:not(.added-for-specificity){grid-column:initial;}}@media all and (max-width: 1024px){.kb-row-layout-id67122_3fe899-1c > .kt-row-column-wrap{grid-template-columns:minmax(0, 1fr) minmax(0, 6fr) minmax(0, 1fr);}}@media all and (max-width: 767px){.kb-row-layout-id67122_3fe899-1c > .kt-row-column-wrap > div:not(.added-for-specificity){grid-column:initial;}.kb-row-layout-id67122_3fe899-1c > .kt-row-column-wrap{grid-template-columns:minmax(0, 1fr);}}<\/style><div class=\"kb-row-layout-wrap kb-row-layout-id67122_3fe899-1c alignnone wp-block-kadence-rowlayout\"><div class=\"kt-row-column-wrap kt-has-3-columns kt-row-layout-center-exwide kt-tab-layout-inherit kt-mobile-layout-row kt-row-valign-top\">\n<style>.kadence-column67122_796634-f9 > .kt-inside-inner-col,.kadence-column67122_796634-f9 > .kt-inside-inner-col:before{border-top-left-radius:0px;border-top-right-radius:0px;border-bottom-right-radius:0px;border-bottom-left-radius:0px;}.kadence-column67122_796634-f9 > .kt-inside-inner-col{column-gap:var(--global-kb-gap-sm, 1rem);}.kadence-column67122_796634-f9 > .kt-inside-inner-col{flex-direction:column;}.kadence-column67122_796634-f9 > .kt-inside-inner-col > .aligncenter{width:100%;}.kadence-column67122_796634-f9 > .kt-inside-inner-col:before{opacity:0.3;}.kadence-column67122_796634-f9{position:relative;}@media all and (max-width: 1024px){.kadence-column67122_796634-f9 > .kt-inside-inner-col{flex-direction:column;justify-content:center;}}@media all and (max-width: 767px){.kadence-column67122_796634-f9 > .kt-inside-inner-col{flex-direction:column;justify-content:center;}}<\/style>\n<div class=\"wp-block-kadence-column kadence-column67122_796634-f9\"><div class=\"kt-inside-inner-col\"><\/div><\/div>\n\n\n<style>.kadence-column67122_8018ed-30 > .kt-inside-inner-col,.kadence-column67122_8018ed-30 > .kt-inside-inner-col:before{border-top-left-radius:0px;border-top-right-radius:0px;border-bottom-right-radius:0px;border-bottom-left-radius:0px;}.kadence-column67122_8018ed-30 > .kt-inside-inner-col{column-gap:var(--global-kb-gap-sm, 1rem);}.kadence-column67122_8018ed-30 > .kt-inside-inner-col{flex-direction:column;}.kadence-column67122_8018ed-30 > .kt-inside-inner-col > .aligncenter{width:100%;}.kadence-column67122_8018ed-30 > .kt-inside-inner-col:before{opacity:0.3;}.kadence-column67122_8018ed-30{position:relative;}@media all and (max-width: 1024px){.kadence-column67122_8018ed-30 > .kt-inside-inner-col{flex-direction:column;justify-content:center;}}@media all and (max-width: 767px){.kadence-column67122_8018ed-30 > .kt-inside-inner-col{flex-direction:column;justify-content:center;}}<\/style>\n<div class=\"wp-block-kadence-column kadence-column67122_8018ed-30\"><div class=\"kt-inside-inner-col\">\n<figure class=\"wp-block-image size-full\"><img decoding=\"async\" width=\"1024\" height=\"1024\" src=\"https:\/\/scottmax.com\/wp-content\/uploads\/2025\/01\/Tomi-Lahren-portrait-2.jpeg\" alt=\"Retrato de Tomi Lahren, fondo brillante\" class=\"wp-image-67141\" srcset=\"https:\/\/scottmax.com\/wp-content\/uploads\/2025\/01\/Tomi-Lahren-portrait-2.jpeg 1024w, https:\/\/scottmax.com\/wp-content\/uploads\/2025\/01\/Tomi-Lahren-portrait-2-300x300.jpeg 300w, https:\/\/scottmax.com\/wp-content\/uploads\/2025\/01\/Tomi-Lahren-portrait-2-150x150.jpeg 150w, https:\/\/scottmax.com\/wp-content\/uploads\/2025\/01\/Tomi-Lahren-portrait-2-768x768.jpeg 768w, https:\/\/scottmax.com\/wp-content\/uploads\/2025\/01\/Tomi-Lahren-portrait-2-12x12.jpeg 12w\" sizes=\"(max-width: 1024px) 100vw, 1024px\" \/><\/figure>\n<\/div><\/div>\n\n\n<style>.kadence-column67122_1d115d-a7 > .kt-inside-inner-col,.kadence-column67122_1d115d-a7 > .kt-inside-inner-col:before{border-top-left-radius:0px;border-top-right-radius:0px;border-bottom-right-radius:0px;border-bottom-left-radius:0px;}.kadence-column67122_1d115d-a7 > .kt-inside-inner-col{column-gap:var(--global-kb-gap-sm, 1rem);}.kadence-column67122_1d115d-a7 > .kt-inside-inner-col{flex-direction:column;}.kadence-column67122_1d115d-a7 > .kt-inside-inner-col > .aligncenter{width:100%;}.kadence-column67122_1d115d-a7 > .kt-inside-inner-col:before{opacity:0.3;}.kadence-column67122_1d115d-a7{position:relative;}@media all and (max-width: 1024px){.kadence-column67122_1d115d-a7 > .kt-inside-inner-col{flex-direction:column;justify-content:center;}}@media all and (max-width: 767px){.kadence-column67122_1d115d-a7 > .kt-inside-inner-col{flex-direction:column;justify-content:center;}}<\/style>\n<div class=\"wp-block-kadence-column kadence-column67122_1d115d-a7\"><div class=\"kt-inside-inner-col\"><\/div><\/div>\n\n<\/div><\/div>\n\n\n<p class=\"wp-block-paragraph\">Dada su continua prominencia, es probable que siga siendo una figura clave en el panorama pol\u00edtico y medi\u00e1tico durante los pr\u00f3ximos a\u00f1os. <\/p>\n\n\n\n<p class=\"wp-block-paragraph\">La trayectoria de Lahren a trav\u00e9s de diversas plataformas medi\u00e1ticas la ha consolidado como una voz muy conocida en el comentario conservador, configurando de forma significativa tanto su imagen p\u00fablica como su posici\u00f3n financiera.<\/p>\n\n\n<style>.kb-row-layout-id67122_f253c9-94 > .kt-row-column-wrap{align-content:start;}:where(.kb-row-layout-id67122_f253c9-94 > .kt-row-column-wrap) > .wp-block-kadence-column{justify-content:start;}.kb-row-layout-id67122_f253c9-94 > .kt-row-column-wrap{column-gap:var(--global-kb-gap-md, 2rem);row-gap:var(--global-kb-gap-md, 2rem);padding-top:var(--global-kb-spacing-sm, 1.5rem);padding-bottom:var(--global-kb-spacing-sm, 1.5rem);grid-template-columns:minmax(0, calc(10% - ((var(--global-kb-gap-md, 2rem) * 2 )\/3)))minmax(0, calc(80% - ((var(--global-kb-gap-md, 2rem) * 2 )\/3)))minmax(0, calc(10% - ((var(--global-kb-gap-md, 2rem) * 2 )\/3)));}.kb-row-layout-id67122_f253c9-94 > .kt-row-layout-overlay{opacity:0.30;}@media all and (max-width: 1024px){.kb-row-layout-id67122_f253c9-94 > .kt-row-column-wrap > div:not(.added-for-specificity){grid-column:initial;}}@media all and (max-width: 1024px){.kb-row-layout-id67122_f253c9-94 > .kt-row-column-wrap{grid-template-columns:minmax(0, 1fr) minmax(0, 6fr) minmax(0, 1fr);}}@media all and (max-width: 767px){.kb-row-layout-id67122_f253c9-94 > .kt-row-column-wrap > div:not(.added-for-specificity){grid-column:initial;}.kb-row-layout-id67122_f253c9-94 > .kt-row-column-wrap{grid-template-columns:minmax(0, 1fr);}}<\/style><div class=\"kb-row-layout-wrap kb-row-layout-id67122_f253c9-94 alignnone wp-block-kadence-rowlayout\"><div class=\"kt-row-column-wrap kt-has-3-columns kt-row-layout-center-exwide kt-tab-layout-inherit kt-mobile-layout-row kt-row-valign-top\">\n<style>.kadence-column67122_59ac46-91 > .kt-inside-inner-col,.kadence-column67122_59ac46-91 > .kt-inside-inner-col:before{border-top-left-radius:0px;border-top-right-radius:0px;border-bottom-right-radius:0px;border-bottom-left-radius:0px;}.kadence-column67122_59ac46-91 > .kt-inside-inner-col{column-gap:var(--global-kb-gap-sm, 1rem);}.kadence-column67122_59ac46-91 > .kt-inside-inner-col{flex-direction:column;}.kadence-column67122_59ac46-91 > .kt-inside-inner-col > .aligncenter{width:100%;}.kadence-column67122_59ac46-91 > .kt-inside-inner-col:before{opacity:0.3;}.kadence-column67122_59ac46-91{position:relative;}@media all and (max-width: 1024px){.kadence-column67122_59ac46-91 > .kt-inside-inner-col{flex-direction:column;justify-content:center;}}@media all and (max-width: 767px){.kadence-column67122_59ac46-91 > .kt-inside-inner-col{flex-direction:column;justify-content:center;}}<\/style>\n<div class=\"wp-block-kadence-column kadence-column67122_59ac46-91\"><div class=\"kt-inside-inner-col\"><\/div><\/div>\n\n\n<style>.kadence-column67122_ea0777-2f > .kt-inside-inner-col,.kadence-column67122_ea0777-2f > .kt-inside-inner-col:before{border-top-left-radius:0px;border-top-right-radius:0px;border-bottom-right-radius:0px;border-bottom-left-radius:0px;}.kadence-column67122_ea0777-2f > .kt-inside-inner-col{column-gap:var(--global-kb-gap-sm, 1rem);}.kadence-column67122_ea0777-2f > .kt-inside-inner-col{flex-direction:column;}.kadence-column67122_ea0777-2f > .kt-inside-inner-col > .aligncenter{width:100%;}.kadence-column67122_ea0777-2f > .kt-inside-inner-col:before{opacity:0.3;}.kadence-column67122_ea0777-2f{position:relative;}@media all and (max-width: 1024px){.kadence-column67122_ea0777-2f > .kt-inside-inner-col{flex-direction:column;justify-content:center;}}@media all and (max-width: 767px){.kadence-column67122_ea0777-2f > .kt-inside-inner-col{flex-direction:column;justify-content:center;}}<\/style>\n<div class=\"wp-block-kadence-column kadence-column67122_ea0777-2f\"><div class=\"kt-inside-inner-col\">\n<figure class=\"wp-block-image size-full\"><img decoding=\"async\" width=\"1024\" height=\"1024\" src=\"https:\/\/scottmax.com\/wp-content\/uploads\/2025\/01\/Tomi-Lahren-portrait-1.jpeg\" alt=\"Retrato de Tomi Lahren, fondo blanco con puntos rojos\" class=\"wp-image-67142\" srcset=\"https:\/\/scottmax.com\/wp-content\/uploads\/2025\/01\/Tomi-Lahren-portrait-1.jpeg 1024w, https:\/\/scottmax.com\/wp-content\/uploads\/2025\/01\/Tomi-Lahren-portrait-1-300x300.jpeg 300w, https:\/\/scottmax.com\/wp-content\/uploads\/2025\/01\/Tomi-Lahren-portrait-1-150x150.jpeg 150w, https:\/\/scottmax.com\/wp-content\/uploads\/2025\/01\/Tomi-Lahren-portrait-1-768x768.jpeg 768w, https:\/\/scottmax.com\/wp-content\/uploads\/2025\/01\/Tomi-Lahren-portrait-1-12x12.jpeg 12w\" sizes=\"(max-width: 1024px) 100vw, 1024px\" \/><\/figure>\n<\/div><\/div>\n\n\n<style>.kadence-column67122_cd1d23-c3 > .kt-inside-inner-col,.kadence-column67122_cd1d23-c3 > .kt-inside-inner-col:before{border-top-left-radius:0px;border-top-right-radius:0px;border-bottom-right-radius:0px;border-bottom-left-radius:0px;}.kadence-column67122_cd1d23-c3 > .kt-inside-inner-col{column-gap:var(--global-kb-gap-sm, 1rem);}.kadence-column67122_cd1d23-c3 > .kt-inside-inner-col{flex-direction:column;}.kadence-column67122_cd1d23-c3 > .kt-inside-inner-col > .aligncenter{width:100%;}.kadence-column67122_cd1d23-c3 > .kt-inside-inner-col:before{opacity:0.3;}.kadence-column67122_cd1d23-c3{position:relative;}@media all and (max-width: 1024px){.kadence-column67122_cd1d23-c3 > .kt-inside-inner-col{flex-direction:column;justify-content:center;}}@media all and (max-width: 767px){.kadence-column67122_cd1d23-c3 > .kt-inside-inner-col{flex-direction:column;justify-content:center;}}<\/style>\n<div class=\"wp-block-kadence-column kadence-column67122_cd1d23-c3\"><div class=\"kt-inside-inner-col\"><\/div><\/div>\n\n<\/div><\/div>\n\n\n<h2 class=\"wp-block-heading\">Referencias<\/h2>\n\n\n\n<p class=\"wp-block-paragraph\"><a href=\"https:\/\/www.africanbusinessreview.co.za\/tomi-lahren-net-worth-early-life-career-salary\/\" target=\"_blank\" rel=\"noopener\">https:\/\/www.africanbusinessreview.co.za\/tomi-lahren-net-worth-early-life-career-salary\/<\/a><\/p>\n\n\n\n<p class=\"wp-block-paragraph\"><a href=\"https:\/\/www.celebritynetworth.com\/richest-celebrities\/authors\/tomi-lahren-net-worth\" target=\"_blank\" rel=\"noopener\">https:\/\/www.celebritynetworth.com\/richest-celebrities\/authors\/tomi-lahren-net-worth<\/a><\/p>\n\n\n\n<p class=\"wp-block-paragraph\"><a href=\"https:\/\/pennbookcenter.com\/tomi-lahren-net-worth\" target=\"_blank\" rel=\"noopener\">https:\/\/pennbookcenter.com\/tomi-lahren-net-worth<\/a><\/p>\n\n\n\n<p class=\"wp-block-paragraph\"><a href=\"https:\/\/bodhizazen.org\/tomi-lahren-measurements\/\" target=\"_blank\" rel=\"noopener\">https:\/\/bodhizazen.org\/tomi-lahren-measurements\/<\/a><\/p>\n\n\n\n<p class=\"wp-block-paragraph\"><a href=\"https:\/\/www.thefamouspeople.com\/profiles\/tomi-lahren-52393.php\" target=\"_blank\" rel=\"noopener\">https:\/\/www.thefamouspeople.com\/profiles\/tomi-lahren-52393.php<\/a><\/p>\n\n\n\n<p class=\"wp-block-paragraph\"><a href=\"https:\/\/www.naijanews.com\/buzz\/people\/tomi-lahren-bio-age-height-career-personal-life-heritage\/\" target=\"_blank\" rel=\"noopener\">https:\/\/www.naijanews.com\/buzz\/people\/tomi-lahren-bio-age-height-career-personal-life-heritage\/<\/a><\/p>\n\n\n\n<p class=\"wp-block-paragraph\"><a href=\"https:\/\/www.imdb.com\/name\/nm7467588\/bio\/?ref_=nm_ov_bio_sm\" target=\"_blank\" rel=\"noopener\">https:\/\/www.imdb.com\/name\/nm7467588\/bio\/?ref_=nm_ov_bio_sm<\/a><\/p>\n\n\n\n<p class=\"wp-block-paragraph\"><a href=\"https:\/\/www.foxnews.com\/person\/l\/tomi-lahren\" target=\"_blank\" rel=\"noopener\">https:\/\/www.foxnews.com\/person\/l\/tomi-lahren<\/a><\/p>\n\n\n\n<p class=\"wp-block-paragraph\"><a href=\"https:\/\/en.wikipedia.org\/wiki\/Tomi_Lahren\" target=\"_blank\" rel=\"noopener\">https:\/\/en.wikipedia.org\/wiki\/Tomi_Lahren<\/a><a href=\"https:\/\/www.lawyersclubindia.com\/wealth\/tomi-lahren-salary-fox-news-net-worth\/\" target=\"_blank\" rel=\"noopener\">https:\/\/www.lawyersclubindia.com\/wealth\/tomi-lahren-salary-fox-news-net-worth\/<\/a><\/p>","protected":false},"featured_media":67131,"template":"","meta":{"_crdt_document":"","inline_featured_image":false,"_kad_blocks_custom_css":"","_kad_blocks_head_custom_js":"","_kad_blocks_body_custom_js":"","_kad_blocks_footer_custom_js":"","_kadence_starter_templates_imported_post":false,"_kad_post_transparent":"","_kad_post_title":"","_kad_post_layout":"","_kad_post_sidebar_id":"","_kad_post_content_style":"","_kad_post_vertical_padding":"","_kad_post_feature":"","_kad_post_feature_position":"","_kad_post_header":false,"_kad_post_footer":false,"_kad_post_classname":""},"class_list":["post-67122","people","type-people","status-publish","has-post-thumbnail","hentry"],"taxonomy_info":[],"featured_image_src_large":["https:\/\/scottmax.com\/wp-content\/uploads\/2025\/01\/Tomi-Lahren-portrait-1024x576.jpeg",1024,576,true],"author_info":[],"comment_info":"","_links":{"self":[{"href":"https:\/\/scottmax.com\/es\/wp-json\/wp\/v2\/people\/67122","targetHints":{"allow":["GET"]}}],"collection":[{"href":"https:\/\/scottmax.com\/es\/wp-json\/wp\/v2\/people"}],"about":[{"href":"https:\/\/scottmax.com\/es\/wp-json\/wp\/v2\/types\/people"}],"wp:featuredmedia":[{"embeddable":true,"href":"https:\/\/scottmax.com\/es\/wp-json\/wp\/v2\/media\/67131"}],"wp:attachment":[{"href":"https:\/\/scottmax.com\/es\/wp-json\/wp\/v2\/media?parent=67122"}],"curies":[{"name":"wp","href":"https:\/\/api.w.org\/{rel}","templated":true}]}}