{"id":67144,"date":"2025-01-20T14:58:51","date_gmt":"2025-01-20T14:58:51","guid":{"rendered":"https:\/\/scottmax.com\/?post_type=people&#038;p=67144"},"modified":"2025-01-20T14:59:30","modified_gmt":"2025-01-20T14:59:30","slug":"tom-vitales-patrimonio-neto-biografia-estadisticas","status":"publish","type":"people","link":"https:\/\/scottmax.com\/es\/people\/tom-vitales-net-worth-biography-stats\/","title":{"rendered":"Valor neto, biograf\u00eda, estad\u00edsticas, etc. de Tom Vitale Patrimonio Neto: Entre $5 millones y $30 millones"},"content":{"rendered":"<p class=\"wp-block-paragraph\"><strong>Tom Vitale es un ejecutivo de televisi\u00f3n y empresario estadounidense m\u00e1s conocido por su trabajo en Syfy y su matrimonio con la actriz Valerie Bertinelli.<\/strong><\/p>\n\n\n\n<hr class=\"wp-block-separator has-alpha-channel-opacity is-style-wide\"\/>\n\n\n<style>.kb-row-layout-id67144_03a56a-90 > .kt-row-column-wrap{align-content:start;}:where(.kb-row-layout-id67144_03a56a-90 > .kt-row-column-wrap) > .wp-block-kadence-column{justify-content:start;}.kb-row-layout-id67144_03a56a-90 > .kt-row-column-wrap{column-gap:var(--global-kb-gap-md, 2rem);row-gap:var(--global-kb-gap-md, 2rem);padding-top:var(--global-kb-spacing-sm, 1.5rem);padding-bottom:var(--global-kb-spacing-sm, 1.5rem);grid-template-columns:repeat(2, minmax(0, 1fr));}.kb-row-layout-id67144_03a56a-90 > .kt-row-layout-overlay{opacity:0.30;}@media all and (max-width: 1024px){.kb-row-layout-id67144_03a56a-90 > .kt-row-column-wrap{grid-template-columns:repeat(2, minmax(0, 1fr));}}@media all and (max-width: 767px){.kb-row-layout-id67144_03a56a-90 > .kt-row-column-wrap{grid-template-columns:minmax(0, 1fr);}}<\/style><div class=\"kb-row-layout-wrap kb-row-layout-id67144_03a56a-90 alignnone wp-block-kadence-rowlayout\"><div class=\"kt-row-column-wrap kt-has-2-columns kt-row-layout-equal kt-tab-layout-inherit kt-mobile-layout-row kt-row-valign-top\">\n<style>.kadence-column67144_c96a2e-d6 > .kt-inside-inner-col,.kadence-column67144_c96a2e-d6 > .kt-inside-inner-col:before{border-top-left-radius:0px;border-top-right-radius:0px;border-bottom-right-radius:0px;border-bottom-left-radius:0px;}.kadence-column67144_c96a2e-d6 > .kt-inside-inner-col{column-gap:var(--global-kb-gap-sm, 1rem);}.kadence-column67144_c96a2e-d6 > .kt-inside-inner-col{flex-direction:column;}.kadence-column67144_c96a2e-d6 > .kt-inside-inner-col > .aligncenter{width:100%;}.kadence-column67144_c96a2e-d6 > .kt-inside-inner-col:before{opacity:0.3;}.kadence-column67144_c96a2e-d6{position:relative;}@media all and (max-width: 1024px){.kadence-column67144_c96a2e-d6 > .kt-inside-inner-col{flex-direction:column;justify-content:center;}}@media all and (max-width: 767px){.kadence-column67144_c96a2e-d6 > .kt-inside-inner-col{flex-direction:column;justify-content:center;}}<\/style>\n<div class=\"wp-block-kadence-column kadence-column67144_c96a2e-d6\"><div class=\"kt-inside-inner-col\">\n<h2 class=\"wp-block-heading\"><strong>Biograf\u00eda ilustrada de Tom Vitale<\/strong><\/h2>\n\n\n\n<figure class=\"wp-block-image size-large\"><img decoding=\"async\" width=\"1024\" height=\"576\" src=\"https:\/\/scottmax.com\/wp-content\/uploads\/2025\/01\/American-television-executive-_Tom-Vitale_-portrait-bald-1024x576.jpeg\" alt=\"Tom Vitale biograf\u00eda ilustrada, retrato\" class=\"wp-image-67158\" srcset=\"https:\/\/scottmax.com\/wp-content\/uploads\/2025\/01\/American-television-executive-_Tom-Vitale_-portrait-bald-1024x576.jpeg 1024w, https:\/\/scottmax.com\/wp-content\/uploads\/2025\/01\/American-television-executive-_Tom-Vitale_-portrait-bald-300x169.jpeg 300w, https:\/\/scottmax.com\/wp-content\/uploads\/2025\/01\/American-television-executive-_Tom-Vitale_-portrait-bald-768x432.jpeg 768w, https:\/\/scottmax.com\/wp-content\/uploads\/2025\/01\/American-television-executive-_Tom-Vitale_-portrait-bald-18x10.jpeg 18w, https:\/\/scottmax.com\/wp-content\/uploads\/2025\/01\/American-television-executive-_Tom-Vitale_-portrait-bald.jpeg 1280w\" sizes=\"(max-width: 1024px) 100vw, 1024px\" \/><\/figure>\n<\/div><\/div>\n\n\n<style>.kadence-column67144_e2de36-c5 > .kt-inside-inner-col,.kadence-column67144_e2de36-c5 > .kt-inside-inner-col:before{border-top-left-radius:0px;border-top-right-radius:0px;border-bottom-right-radius:0px;border-bottom-left-radius:0px;}.kadence-column67144_e2de36-c5 > .kt-inside-inner-col{column-gap:var(--global-kb-gap-sm, 1rem);}.kadence-column67144_e2de36-c5 > .kt-inside-inner-col{flex-direction:column;}.kadence-column67144_e2de36-c5 > .kt-inside-inner-col > .aligncenter{width:100%;}.kadence-column67144_e2de36-c5 > .kt-inside-inner-col:before{opacity:0.3;}.kadence-column67144_e2de36-c5{position:relative;}@media all and (max-width: 1024px){.kadence-column67144_e2de36-c5 > .kt-inside-inner-col{flex-direction:column;justify-content:center;}}@media all and (max-width: 767px){.kadence-column67144_e2de36-c5 > .kt-inside-inner-col{flex-direction:column;justify-content:center;}}<\/style>\n<div class=\"wp-block-kadence-column kadence-column67144_e2de36-c5\"><div class=\"kt-inside-inner-col\">\n<h4 class=\"wp-block-heading\">\u00bfLe gustar\u00eda aprender a crear usted mismo un negocio en Internet?<\/h4>\n\n\n\n<p class=\"wp-block-paragraph\">Pruebe nuestro <strong><a href=\"https:\/\/scottmax.com\/master-in-digital-marketing-business\/\" data-type=\"link\" data-id=\"https:\/\/scottmax.com\/master-in-digital-marketing-business\/\">curso gratuito de marketing digital y negocios<\/a>.<\/strong><\/p>\n\n\n\n<p class=\"wp-block-paragraph\">Nuestro programa de m\u00e1ster altamente pr\u00e1ctico le convertir\u00e1 en un profesional del marketing digital capaz de:<\/p>\n\n\n\n<p class=\"wp-block-paragraph\"><strong>\u2714\ufe0f Comenzar y dirigir su propio negocio en l\u00ednea<br>\u2714\ufe0f Conseguir el trabajo de marketing digital que desea.<\/strong><\/p>\n\n\n\n<p class=\"has-theme-palette-8-background-color has-background wp-block-paragraph\"><strong><a href=\"https:\/\/scottmax.com\/master-in-digital-marketing-business\/\" data-type=\"link\" data-id=\"https:\/\/scottmax.com\/master-in-digital-marketing-business\/\">-&gt; Iniciar curso\ud83d\udd25<\/a><\/strong><\/p>\n<\/div><\/div>\n\n<\/div><\/div>\n\n\n<hr class=\"wp-block-separator has-alpha-channel-opacity is-style-wide\"\/>\n\n\n\n<p class=\"wp-block-paragraph\"><\/p>\n\n\n\n<hr class=\"wp-block-separator has-alpha-channel-opacity is-style-wide\"\/>\n\n\n\n<h3 class=\"wp-block-heading\">Pero primero...<\/h3>\n\n\n\n<p class=\"wp-block-paragraph\">\u00a1Hola! \u00bfEst\u00e1 listo para llevar sus sue\u00f1os empresariales al siguiente nivel y alcanzar la libertad financiera? No busque m\u00e1s, porque tengo algo incre\u00edble que compartir con usted - <strong>el Bolet\u00edn de Scott Max.<\/strong><\/p>\n\n\n\n<p class=\"wp-block-paragraph\">Imag\u00ednese esto: un bolet\u00edn de noticias que le ofrece consejos de expertos, valiosos puntos de vista y estrategias pr\u00e1cticas para ayudarle a construir y hacer crecer un negocio de \u00e9xito. Es como tener un amigo de confianza a su lado, apoy\u00e1ndole en su camino hacia el \u00e9xito.<\/p>\n\n\n\n<p class=\"wp-block-paragraph\">Esto es lo que puede esperar cuando se suscriba a nuestro bolet\u00edn exclusivo:<\/p>\n\n\n\n<h4 class=\"wp-block-heading\">1\/ An\u00e1lisis empresarial:<\/h4>\n\n\n\n<p class=\"wp-block-paragraph\">Adel\u00e1ntese a los acontecimientos con nuestro an\u00e1lisis empresarial en profundidad. Nuestro equipo de expertos en el sector disecciona las estrategias de mercado en tendencia, destaca las oportunidades emergentes y ofrece perspectivas que pueden marcar la diferencia en su viaje empresarial.<\/p>\n\n\n\n<figure class=\"wp-block-image size-large\"><img decoding=\"async\" width=\"1024\" height=\"427\" src=\"https:\/\/scottmax.com\/wp-content\/uploads\/2025\/01\/American-television-executive-_Tom-Vitale_-portrait-bald-going-through-business-analysis-1024x427.jpeg\" alt=\"Tom Vitale repasando el an\u00e1lisis empresarial\" class=\"wp-image-67159\" srcset=\"https:\/\/scottmax.com\/wp-content\/uploads\/2025\/01\/American-television-executive-_Tom-Vitale_-portrait-bald-going-through-business-analysis-1024x427.jpeg 1024w, https:\/\/scottmax.com\/wp-content\/uploads\/2025\/01\/American-television-executive-_Tom-Vitale_-portrait-bald-going-through-business-analysis-300x125.jpeg 300w, https:\/\/scottmax.com\/wp-content\/uploads\/2025\/01\/American-television-executive-_Tom-Vitale_-portrait-bald-going-through-business-analysis-768x320.jpeg 768w, https:\/\/scottmax.com\/wp-content\/uploads\/2025\/01\/American-television-executive-_Tom-Vitale_-portrait-bald-going-through-business-analysis-18x8.jpeg 18w, https:\/\/scottmax.com\/wp-content\/uploads\/2025\/01\/American-television-executive-_Tom-Vitale_-portrait-bald-going-through-business-analysis.jpeg 1536w\" sizes=\"(max-width: 1024px) 100vw, 1024px\" \/><\/figure>\n\n\n\n<h4 class=\"wp-block-heading\">2\/ Gu\u00edas paso a paso pr\u00e1cticas:<\/h4>\n\n\n\n<p class=\"wp-block-paragraph\">Crear una empresa puede ser abrumador, pero nosotros le tenemos cubierto. Nuestras gu\u00edas, meticulosamente elaboradas, le llevar\u00e1n a trav\u00e9s de cada etapa, proporcion\u00e1ndole instrucciones claras y consejos pr\u00e1cticos que le ayudar\u00e1n a superar los retos y alcanzar sus objetivos.<\/p>\n\n\n\n<figure class=\"wp-block-image size-large\"><img decoding=\"async\" width=\"1024\" height=\"427\" src=\"https:\/\/scottmax.com\/wp-content\/uploads\/2025\/01\/American-television-executive-_Tom-Vitale_-portrait-on-a-laptop-as-a-teenager-1024x427.jpeg\" alt=\"Tom Vitale de adolescente en un port\u00e1til\" class=\"wp-image-67160\" srcset=\"https:\/\/scottmax.com\/wp-content\/uploads\/2025\/01\/American-television-executive-_Tom-Vitale_-portrait-on-a-laptop-as-a-teenager-1024x427.jpeg 1024w, https:\/\/scottmax.com\/wp-content\/uploads\/2025\/01\/American-television-executive-_Tom-Vitale_-portrait-on-a-laptop-as-a-teenager-300x125.jpeg 300w, https:\/\/scottmax.com\/wp-content\/uploads\/2025\/01\/American-television-executive-_Tom-Vitale_-portrait-on-a-laptop-as-a-teenager-768x320.jpeg 768w, https:\/\/scottmax.com\/wp-content\/uploads\/2025\/01\/American-television-executive-_Tom-Vitale_-portrait-on-a-laptop-as-a-teenager-18x8.jpeg 18w, https:\/\/scottmax.com\/wp-content\/uploads\/2025\/01\/American-television-executive-_Tom-Vitale_-portrait-on-a-laptop-as-a-teenager.jpeg 1536w\" sizes=\"(max-width: 1024px) 100vw, 1024px\" \/><\/figure>\n\n\n\n<h4 class=\"wp-block-heading\">3\/ Abra el camino hacia la libertad:<\/h4>\n\n\n\n<p class=\"wp-block-paragraph\">Entendemos que el objetivo \u00faltimo de muchos empresarios es alcanzar la libertad financiera. Nuestro bolet\u00edn comparte estrategias probadas y enfoques innovadores para ayudarle a liberarse de las limitaciones tradicionales de la vida laboral y construir un negocio que se alinee con sus sue\u00f1os.<\/p>\n\n\n\n<figure class=\"wp-block-image size-large\"><img decoding=\"async\" width=\"1024\" height=\"427\" src=\"https:\/\/scottmax.com\/wp-content\/uploads\/2025\/01\/American-television-executive-_Tom-Vitale_-portrait-bald-on-a-beach-having-fun-1024x427.jpeg\" alt=\"Tom Vitale en una playa divirti\u00e9ndose\" class=\"wp-image-67161\" srcset=\"https:\/\/scottmax.com\/wp-content\/uploads\/2025\/01\/American-television-executive-_Tom-Vitale_-portrait-bald-on-a-beach-having-fun-1024x427.jpeg 1024w, https:\/\/scottmax.com\/wp-content\/uploads\/2025\/01\/American-television-executive-_Tom-Vitale_-portrait-bald-on-a-beach-having-fun-300x125.jpeg 300w, https:\/\/scottmax.com\/wp-content\/uploads\/2025\/01\/American-television-executive-_Tom-Vitale_-portrait-bald-on-a-beach-having-fun-768x320.jpeg 768w, https:\/\/scottmax.com\/wp-content\/uploads\/2025\/01\/American-television-executive-_Tom-Vitale_-portrait-bald-on-a-beach-having-fun-18x8.jpeg 18w, https:\/\/scottmax.com\/wp-content\/uploads\/2025\/01\/American-television-executive-_Tom-Vitale_-portrait-bald-on-a-beach-having-fun.jpeg 1536w\" sizes=\"(max-width: 1024px) 100vw, 1024px\" \/><\/figure>\n\n\n\n<p class=\"wp-block-paragraph\">As\u00ed que, amigo, embarqu\u00e9monos juntos en este apasionante viaje. Al suscribirse a nuestro bolet\u00edn, tendr\u00e1 acceso a valiosas ideas, consejos pr\u00e1cticos y el apoyo que necesita para prosperar en sus esfuerzos empresariales.<\/p>\n\n\n\n<h2 class=\"wp-block-heading has-text-align-center\">\u00bfListo para dar el salto?<\/h2>\n\n\n\n<div class=\"wp-block-buttons is-content-justification-center is-layout-flex wp-container-core-buttons-is-layout-fe48e5de wp-block-buttons-is-layout-flex\">\n<div class=\"wp-block-button\"><a class=\"wp-block-button__link wp-element-button\" href=\"https:\/\/scottmax.beehiiv.com\" target=\"_blank\" rel=\"noopener\">suscr\u00edbase al bolet\u00edn<\/a><\/div>\n<\/div>\n\n\n\n<hr class=\"wp-block-separator has-alpha-channel-opacity is-style-wide\"\/>\n\n\n\n<h2 class=\"wp-block-heading\">1. Introducci\u00f3n<\/h2>\n\n\n\n<p class=\"wp-block-paragraph\">Tom Vitale es un ejecutivo de televisi\u00f3n, planificador financiero y empresario estadounidense. <\/p>\n\n\n\n<p class=\"wp-block-paragraph\">Es m\u00e1s conocido por su trabajo como vicepresidente ejecutivo de programaci\u00f3n y pel\u00edculas originales de las cadenas Syfy y Chiller. <\/p>\n\n\n\n<p class=\"wp-block-paragraph\">En este papel, desempe\u00f1\u00f3 un papel clave en la creaci\u00f3n de contenidos populares de ciencia ficci\u00f3n y terror, incluido el <em>Sharknado<\/em> serie. <\/p>\n\n\n\n<p class=\"wp-block-paragraph\">Tom tambi\u00e9n alcanz\u00f3 un gran reconocimiento gracias a su matrimonio con la actriz Valerie Bertinelli, con la que se cas\u00f3 en 2011. <\/p>\n\n\n\n<p class=\"wp-block-paragraph\">M\u00e1s all\u00e1 de su carrera televisiva, ha participado en varias aventuras empresariales, como la cofundaci\u00f3n de la plataforma de comercio electr\u00f3nico Veebow.<\/p>\n\n\n<style>.kb-row-layout-id67144_07037d-bc > .kt-row-column-wrap{align-content:start;}:where(.kb-row-layout-id67144_07037d-bc > .kt-row-column-wrap) > .wp-block-kadence-column{justify-content:start;}.kb-row-layout-id67144_07037d-bc > .kt-row-column-wrap{column-gap:var(--global-kb-gap-md, 2rem);row-gap:var(--global-kb-gap-md, 2rem);padding-top:var(--global-kb-spacing-sm, 1.5rem);padding-bottom:var(--global-kb-spacing-sm, 1.5rem);}.kb-row-layout-id67144_07037d-bc > .kt-row-column-wrap > div:not(.added-for-specificity){grid-column:initial;}.kb-row-layout-id67144_07037d-bc > .kt-row-column-wrap{grid-template-columns:minmax(0, 1fr) minmax(0, 6fr) minmax(0, 1fr);}.kb-row-layout-id67144_07037d-bc > .kt-row-layout-overlay{opacity:0.30;}@media all and (max-width: 1024px){.kb-row-layout-id67144_07037d-bc > .kt-row-column-wrap > div:not(.added-for-specificity){grid-column:initial;}}@media all and (max-width: 1024px){.kb-row-layout-id67144_07037d-bc > .kt-row-column-wrap{grid-template-columns:minmax(0, 1fr) minmax(0, 6fr) minmax(0, 1fr);}}@media all and (max-width: 767px){.kb-row-layout-id67144_07037d-bc > .kt-row-column-wrap > div:not(.added-for-specificity){grid-column:initial;}.kb-row-layout-id67144_07037d-bc > .kt-row-column-wrap{grid-template-columns:minmax(0, 1fr);}}<\/style><div class=\"kb-row-layout-wrap kb-row-layout-id67144_07037d-bc alignnone wp-block-kadence-rowlayout\"><div class=\"kt-row-column-wrap kt-has-3-columns kt-row-layout-center-exwide kt-tab-layout-inherit kt-mobile-layout-row kt-row-valign-top\">\n<style>.kadence-column67144_a7eb4b-d7 > .kt-inside-inner-col,.kadence-column67144_a7eb4b-d7 > .kt-inside-inner-col:before{border-top-left-radius:0px;border-top-right-radius:0px;border-bottom-right-radius:0px;border-bottom-left-radius:0px;}.kadence-column67144_a7eb4b-d7 > .kt-inside-inner-col{column-gap:var(--global-kb-gap-sm, 1rem);}.kadence-column67144_a7eb4b-d7 > .kt-inside-inner-col{flex-direction:column;}.kadence-column67144_a7eb4b-d7 > .kt-inside-inner-col > .aligncenter{width:100%;}.kadence-column67144_a7eb4b-d7 > .kt-inside-inner-col:before{opacity:0.3;}.kadence-column67144_a7eb4b-d7{position:relative;}@media all and (max-width: 1024px){.kadence-column67144_a7eb4b-d7 > .kt-inside-inner-col{flex-direction:column;justify-content:center;}}@media all and (max-width: 767px){.kadence-column67144_a7eb4b-d7 > .kt-inside-inner-col{flex-direction:column;justify-content:center;}}<\/style>\n<div class=\"wp-block-kadence-column kadence-column67144_a7eb4b-d7\"><div class=\"kt-inside-inner-col\"><\/div><\/div>\n\n\n<style>.kadence-column67144_8a375e-52 > .kt-inside-inner-col,.kadence-column67144_8a375e-52 > .kt-inside-inner-col:before{border-top-left-radius:0px;border-top-right-radius:0px;border-bottom-right-radius:0px;border-bottom-left-radius:0px;}.kadence-column67144_8a375e-52 > .kt-inside-inner-col{column-gap:var(--global-kb-gap-sm, 1rem);}.kadence-column67144_8a375e-52 > .kt-inside-inner-col{flex-direction:column;}.kadence-column67144_8a375e-52 > .kt-inside-inner-col > .aligncenter{width:100%;}.kadence-column67144_8a375e-52 > .kt-inside-inner-col:before{opacity:0.3;}.kadence-column67144_8a375e-52{position:relative;}@media all and (max-width: 1024px){.kadence-column67144_8a375e-52 > .kt-inside-inner-col{flex-direction:column;justify-content:center;}}@media all and (max-width: 767px){.kadence-column67144_8a375e-52 > .kt-inside-inner-col{flex-direction:column;justify-content:center;}}<\/style>\n<div class=\"wp-block-kadence-column kadence-column67144_8a375e-52\"><div class=\"kt-inside-inner-col\">\n<figure class=\"wp-block-image size-full\"><img decoding=\"async\" width=\"1024\" height=\"1024\" src=\"https:\/\/scottmax.com\/wp-content\/uploads\/2025\/01\/American-television-executive-_Tom-Vitale_-portrait-bald-on-a-meeting.jpeg\" alt=\"Tom Vitale en una reuni\u00f3n de negocios, retrato\" class=\"wp-image-67162\" srcset=\"https:\/\/scottmax.com\/wp-content\/uploads\/2025\/01\/American-television-executive-_Tom-Vitale_-portrait-bald-on-a-meeting.jpeg 1024w, https:\/\/scottmax.com\/wp-content\/uploads\/2025\/01\/American-television-executive-_Tom-Vitale_-portrait-bald-on-a-meeting-300x300.jpeg 300w, https:\/\/scottmax.com\/wp-content\/uploads\/2025\/01\/American-television-executive-_Tom-Vitale_-portrait-bald-on-a-meeting-150x150.jpeg 150w, https:\/\/scottmax.com\/wp-content\/uploads\/2025\/01\/American-television-executive-_Tom-Vitale_-portrait-bald-on-a-meeting-768x768.jpeg 768w, https:\/\/scottmax.com\/wp-content\/uploads\/2025\/01\/American-television-executive-_Tom-Vitale_-portrait-bald-on-a-meeting-12x12.jpeg 12w\" sizes=\"(max-width: 1024px) 100vw, 1024px\" \/><\/figure>\n<\/div><\/div>\n\n\n<style>.kadence-column67144_992cb0-66 > .kt-inside-inner-col,.kadence-column67144_992cb0-66 > .kt-inside-inner-col:before{border-top-left-radius:0px;border-top-right-radius:0px;border-bottom-right-radius:0px;border-bottom-left-radius:0px;}.kadence-column67144_992cb0-66 > .kt-inside-inner-col{column-gap:var(--global-kb-gap-sm, 1rem);}.kadence-column67144_992cb0-66 > .kt-inside-inner-col{flex-direction:column;}.kadence-column67144_992cb0-66 > .kt-inside-inner-col > .aligncenter{width:100%;}.kadence-column67144_992cb0-66 > .kt-inside-inner-col:before{opacity:0.3;}.kadence-column67144_992cb0-66{position:relative;}@media all and (max-width: 1024px){.kadence-column67144_992cb0-66 > .kt-inside-inner-col{flex-direction:column;justify-content:center;}}@media all and (max-width: 767px){.kadence-column67144_992cb0-66 > .kt-inside-inner-col{flex-direction:column;justify-content:center;}}<\/style>\n<div class=\"wp-block-kadence-column kadence-column67144_992cb0-66\"><div class=\"kt-inside-inner-col\"><\/div><\/div>\n\n<\/div><\/div>\n\n\n<h2 class=\"wp-block-heading\">2. Vida temprana<\/h2>\n\n\n\n<hr class=\"wp-block-separator has-alpha-channel-opacity is-style-wide\"\/>\n\n\n\n<p class=\"wp-block-paragraph\">Tom Vitale naci\u00f3 en California, Estados Unidos, el 15 de agosto de 1963. Creci\u00f3 en el seno de una familia acomodada, disfrutando de una educaci\u00f3n c\u00f3moda. <\/p>\n\n\n\n<p class=\"wp-block-paragraph\">Aunque se sabe poco de sus padres, su madre se llama Helen. Tom tiene un hermano menor llamado David Vitale. <\/p>\n\n\n\n<p class=\"wp-block-paragraph\">Los dos hermanos estaban muy unidos y a menudo estrechaban lazos por su afici\u00f3n a los deportes, especialmente al rugby, que practicaron juntos durante la infancia.<\/p>\n\n\n\n<h3 class=\"wp-block-heading\">Intereses infantiles y personalidad<\/h3>\n\n\n\n<p class=\"wp-block-paragraph\">Tom era un ni\u00f1o extrovertido y atl\u00e9tico. Sent\u00eda una gran pasi\u00f3n por los deportes, y el rugby desempe\u00f1\u00f3 un papel importante en sus primeros a\u00f1os de vida; este amor por los deportes conform\u00f3 su personalidad en\u00e9rgica y robusta. <\/p>\n\n\n\n<figure class=\"wp-block-image size-large\"><img decoding=\"async\" width=\"1024\" height=\"576\" src=\"https:\/\/scottmax.com\/wp-content\/uploads\/2025\/01\/american-kid-playing-rugby-1024x576.jpeg\" alt=\"Tom Vitale de ni\u00f1o jugando al rugby\" class=\"wp-image-67163\" srcset=\"https:\/\/scottmax.com\/wp-content\/uploads\/2025\/01\/american-kid-playing-rugby-1024x576.jpeg 1024w, https:\/\/scottmax.com\/wp-content\/uploads\/2025\/01\/american-kid-playing-rugby-300x169.jpeg 300w, https:\/\/scottmax.com\/wp-content\/uploads\/2025\/01\/american-kid-playing-rugby-768x432.jpeg 768w, https:\/\/scottmax.com\/wp-content\/uploads\/2025\/01\/american-kid-playing-rugby-18x10.jpeg 18w, https:\/\/scottmax.com\/wp-content\/uploads\/2025\/01\/american-kid-playing-rugby.jpeg 1280w\" sizes=\"(max-width: 1024px) 100vw, 1024px\" \/><\/figure>\n\n\n\n<p class=\"wp-block-paragraph\">Aunque los detalles sobre sus otros intereses de ni\u00f1o son escasos, su naturaleza activa y su personalidad comprometida fueron rasgos que le siguieron en su vida adulta como empresario y ejecutivo de televisi\u00f3n.<\/p>\n\n\n\n<h3 class=\"wp-block-heading\">Familia<\/h3>\n\n\n\n<p class=\"wp-block-paragraph\">La familia de Tom Vitale es una mezcla de sus hijos de un matrimonio anterior y su relaci\u00f3n con la actriz Valerie Bertinelli.<\/p>\n\n\n\n<h3 class=\"wp-block-heading\"><strong>Familia directa<\/strong><\/h3>\n\n\n\n<p class=\"wp-block-paragraph\"><strong>Primer matrimonio<\/strong>: Tom estuvo casado por primera vez con Sharon, y tuvieron cuatro hijos juntos:<\/p>\n\n\n\n<ul class=\"wp-block-list\">\n<li>Andie Vitale (hija)<\/li>\n\n\n\n<li>Angela Vitale (hija)<\/li>\n\n\n\n<li>Dominic Vitale (hijo)<\/li>\n\n\n\n<li>Tony Vitale (hijo)<br>Su matrimonio termin\u00f3 en divorcio. A pesar de algunos problemas p\u00fablicos, incluido un incidente en 2001 en el que Tom fue arrestado por violencia dom\u00e9stica, sigue unido a sus hijos. Sin embargo, por lo general se mantienen alejados de la opini\u00f3n p\u00fablica.<\/li>\n<\/ul>\n\n\n\n<p class=\"wp-block-paragraph\"><strong>Segundo matrimonio<\/strong>: El 1 de enero de 2011, Tom se cas\u00f3 con Valerie Bertinelli, una conocida actriz y personalidad de la televisi\u00f3n. Valerie estuvo casada anteriormente con el m\u00fasico de rock Eddie Van Halen, con quien comparte un hijo:<\/p>\n\n\n\n<ul class=\"wp-block-list\">\n<li>Wolfgang Van Halen (hijastro de Tom) es un m\u00fasico que toc\u00f3 el bajo en la banda Van Halen.<\/li>\n<\/ul>\n\n\n\n<h3 class=\"wp-block-heading\">Padres y hermanos<\/h3>\n\n\n\n<ul class=\"wp-block-list\">\n<li><strong>Padres<\/strong>: La madre de Tom se llama Helen, pero hay poca informaci\u00f3n disponible sobre su padre. Los antecedentes familiares son relativamente privados.<\/li>\n\n\n\n<li><strong>Hermanos<\/strong>: Tom tiene un hermano menor, David Vitale. Comparten la pasi\u00f3n por el rugby y estuvieron muy unidos durante su infancia.<\/li>\n<\/ul>\n\n\n\n<h3 class=\"wp-block-heading\">Educaci\u00f3n<\/h3>\n\n\n\n<p class=\"wp-block-paragraph\">Tom Vitale se licenci\u00f3 en 1985 por el Williams College, una prestigiosa escuela de artes liberales de Massachusetts. <\/p>\n\n\n\n<p class=\"wp-block-paragraph\">Durante su estancia all\u00ed, fue muy activo en la comunidad universitaria, sobre todo en actividades extracurriculares en las que tuvo un impacto notable. <\/p>\n\n\n\n<figure class=\"wp-block-image size-large\"><img decoding=\"async\" width=\"1024\" height=\"576\" src=\"https:\/\/scottmax.com\/wp-content\/uploads\/2025\/01\/teenager-kid-in-front-of-collage-building--1024x576.jpeg\" alt=\"Tom Vitale de ni\u00f1o frente a su escuela\" class=\"wp-image-67164\" srcset=\"https:\/\/scottmax.com\/wp-content\/uploads\/2025\/01\/teenager-kid-in-front-of-collage-building--1024x576.jpeg 1024w, https:\/\/scottmax.com\/wp-content\/uploads\/2025\/01\/teenager-kid-in-front-of-collage-building--300x169.jpeg 300w, https:\/\/scottmax.com\/wp-content\/uploads\/2025\/01\/teenager-kid-in-front-of-collage-building--768x432.jpeg 768w, https:\/\/scottmax.com\/wp-content\/uploads\/2025\/01\/teenager-kid-in-front-of-collage-building--18x10.jpeg 18w, https:\/\/scottmax.com\/wp-content\/uploads\/2025\/01\/teenager-kid-in-front-of-collage-building-.jpeg 1280w\" sizes=\"(max-width: 1024px) 100vw, 1024px\" \/><\/figure>\n\n\n\n<p class=\"wp-block-paragraph\">Sus dotes de liderazgo eran evidentes y no dej\u00f3 de contribuir tras su graduaci\u00f3n. <\/p>\n\n\n\n<p class=\"wp-block-paragraph\">Posteriormente, Vitale form\u00f3 parte de la junta directiva del Club Williams durante casi diez a\u00f1os y se mantuvo en contacto a trav\u00e9s de las actividades de los antiguos alumnos.<\/p>\n\n\n\n<p class=\"wp-block-paragraph\">Aunque el Williams College no forma parte de la Ivy League, es conocido por su exigente oferta acad\u00e9mica y su fuerte \u00e9nfasis en una educaci\u00f3n amplia. <\/p>\n\n\n\n<p class=\"wp-block-paragraph\">Esta educaci\u00f3n probablemente desempe\u00f1\u00f3 un papel crucial en la formaci\u00f3n de la carrera de Vitale, que incluye las finanzas y la televisi\u00f3n. <\/p>\n\n\n\n<p class=\"wp-block-paragraph\">La s\u00f3lida base que adquiri\u00f3 en Williams le ayud\u00f3 a realizar sin problemas la transici\u00f3n de las finanzas a la industria de los medios de comunicaci\u00f3n.<\/p>\n\n\n\n<h2 class=\"wp-block-heading\">3. Carrera profesional<\/h2>\n\n\n\n<hr class=\"wp-block-separator has-alpha-channel-opacity is-style-wide\"\/>\n\n\n\n<h3 class=\"wp-block-heading\">Inicios profesionales<\/h3>\n\n\n\n<p class=\"wp-block-paragraph\">En 1987, tras completar el Programa de P\u00e1ginas de la NBC, Vitale consigui\u00f3 un puesto en Viacom en el departamento de adquisici\u00f3n de programas. Aqu\u00ed era responsable de seleccionar y adquirir contenidos para la cadena. <\/p>\n\n\n\n<p class=\"wp-block-paragraph\">Esta experiencia agudiz\u00f3 su capacidad para identificar los programas de televisi\u00f3n de \u00e9xito y comprender los deseos del p\u00fablico. Estas habilidades resultar\u00edan esenciales en su carrera posterior.<\/p>\n\n\n\n<h3 class=\"wp-block-heading\">Transici\u00f3n a la NBC<\/h3>\n\n\n\n<p class=\"wp-block-paragraph\">A principios de la d\u00e9cada de 1990, Vitale pas\u00f3 a la NBC, donde continu\u00f3 su labor de adquisici\u00f3n de contenidos y programaci\u00f3n; su paso por la NBC le ayud\u00f3 a desarrollar su experiencia en la gesti\u00f3n de contenidos televisivos. Este papel se sum\u00f3 a su creciente reputaci\u00f3n como h\u00e1bil ejecutivo de televisi\u00f3n.<\/p>\n\n\n\n<h3 class=\"wp-block-heading\">Ascenso a la fama en Syfy<\/h3>\n\n\n\n<p class=\"wp-block-paragraph\">La gran oportunidad de Vitale lleg\u00f3 en 1993, cuando se uni\u00f3 al canal Sci-Fi, ahora conocido como Syfy. Se hizo cargo de la programaci\u00f3n y del desarrollo de pel\u00edculas originales, logrando un impacto significativo. <\/p>\n\n\n\n<p class=\"wp-block-paragraph\">Vitale desempe\u00f1\u00f3 un papel clave en el lanzamiento de la franquicia de pel\u00edculas de los s\u00e1bados de Syfy, que cont\u00f3 con cl\u00e1sicos de culto como <em>Sharknado<\/em>. Estos proyectos impulsaron los \u00edndices de audiencia de la cadena y establecieron a Syfy como l\u00edder en contenidos de g\u00e9nero espec\u00edfico.<\/p>\n\n\n\n<h3 class=\"wp-block-heading\">Emprendimiento y carrera posterior<\/h3>\n\n\n\n<p class=\"wp-block-paragraph\">En la d\u00e9cada de 2010, Vitale ampli\u00f3 su carrera cofundando Veebow, una empresa que conectaba a los consumidores con las empresas a trav\u00e9s de una aplicaci\u00f3n para smartphones. <\/p>\n\n\n\n<p class=\"wp-block-paragraph\">Esta aventura demostr\u00f3 su capacidad para innovar fuera de la televisi\u00f3n. Tras dejar Syfy en 2015, fund\u00f3 Vital Signs Entertainment, una productora y consultora independiente. <\/p>\n\n\n\n<p class=\"wp-block-paragraph\">Continu\u00f3 su trabajo en televisi\u00f3n, produciendo y escribiendo para programas como <em>Slasher<\/em> para Netflix.<\/p>\n\n\n\n<h3 class=\"wp-block-heading\">Contribuciones y proyectos en curso<\/h3>\n\n\n\n<p class=\"wp-block-paragraph\">Incluso despu\u00e9s de dejar Syfy, Vitale sigui\u00f3 activo en la industria del entretenimiento. Produjo la pel\u00edcula <em>57 segundos<\/em>protagonizada por Morgan Freeman, y contribuy\u00f3 al documental <em>1982: El mejor a\u00f1o friki<\/em>. Estos proyectos ponen de relieve su continua influencia en la ciencia ficci\u00f3n y el terror, demostrando su continua pasi\u00f3n por contar historias.<\/p>\n\n\n\n<h2 class=\"wp-block-heading\">4. El patrimonio neto de Tom Vitale<\/h2>\n\n\n\n<hr class=\"wp-block-separator has-alpha-channel-opacity is-style-wide\"\/>\n\n\n\n<p class=\"wp-block-paragraph\">El patrimonio neto de Tom Vitale ha cambiado a lo largo de los a\u00f1os, con diferentes fuentes dando estimaciones variables. En 2024, se cree que su patrimonio neto se sit\u00faa entre $5 millones y $30 millones. <\/p>\n\n\n\n<p class=\"wp-block-paragraph\">Este abanico refleja sus logros profesionales, sus aventuras empresariales, sus inversiones y sus retos personales, como su reciente divorcio de Valerie Bertinelli.<\/p>\n\n\n\n<figure class=\"wp-block-image size-large\"><img decoding=\"async\" width=\"1024\" height=\"427\" src=\"https:\/\/scottmax.com\/wp-content\/uploads\/2025\/01\/American-television-executive-_Tom-Vitale_-portrait-bald-net-worth-money-background-1024x427.jpeg\" alt=\"Patrimonio neto de Tom Vitale, antecedentes econ\u00f3micos\" class=\"wp-image-67165\" srcset=\"https:\/\/scottmax.com\/wp-content\/uploads\/2025\/01\/American-television-executive-_Tom-Vitale_-portrait-bald-net-worth-money-background-1024x427.jpeg 1024w, https:\/\/scottmax.com\/wp-content\/uploads\/2025\/01\/American-television-executive-_Tom-Vitale_-portrait-bald-net-worth-money-background-300x125.jpeg 300w, https:\/\/scottmax.com\/wp-content\/uploads\/2025\/01\/American-television-executive-_Tom-Vitale_-portrait-bald-net-worth-money-background-768x320.jpeg 768w, https:\/\/scottmax.com\/wp-content\/uploads\/2025\/01\/American-television-executive-_Tom-Vitale_-portrait-bald-net-worth-money-background-18x8.jpeg 18w, https:\/\/scottmax.com\/wp-content\/uploads\/2025\/01\/American-television-executive-_Tom-Vitale_-portrait-bald-net-worth-money-background.jpeg 1536w\" sizes=\"(max-width: 1024px) 100vw, 1024px\" \/><\/figure>\n\n\n\n<h3 class=\"wp-block-heading\">Fuentes de ingresos<\/h3>\n\n\n\n<p class=\"wp-block-paragraph\"><strong>Carrera televisiva<\/strong><br>Tom ha desempe\u00f1ado papeles esenciales en la televisi\u00f3n. En particular, fue vicepresidente ejecutivo de programaci\u00f3n y pel\u00edculas originales de las cadenas Syfy y Chiller. <\/p>\n\n\n\n<p class=\"wp-block-paragraph\">Su trabajo adquiriendo y desarrollando contenidos para estas redes ha sido una importante fuente de ingresos. <\/p>\n\n\n\n<p class=\"wp-block-paragraph\">Adem\u00e1s, Tom tiene cr\u00e9ditos como productor, incluyendo la coproducci\u00f3n de la obra Off-Off-Broadway <em>Coraz\u00f3n disl\u00e9xico<\/em> en 1999. <\/p>\n\n\n\n<p class=\"wp-block-paragraph\">Aunque esto aument\u00f3 sus ingresos, no fue lo que m\u00e1s contribuy\u00f3 a su riqueza.<\/p>\n\n\n\n<p class=\"wp-block-paragraph\"><strong>Iniciativa empresarial<\/strong><br>Tom tambi\u00e9n cofund\u00f3 la empresa de consultor\u00eda de medios Vitale\/McDonough. Esta firma ha participado en varias empresas relacionadas con los medios de comunicaci\u00f3n, lo que le ha proporcionado fuentes de ingresos adicionales m\u00e1s all\u00e1 de su carrera televisiva. <\/p>\n\n\n\n<p class=\"wp-block-paragraph\">Tambi\u00e9n ha participado en varias otras aventuras empresariales, incluidas inversiones estrat\u00e9gicas en tecnolog\u00eda y hosteler\u00eda. Estas empresas han contribuido a aumentar su patrimonio con el paso del tiempo.<\/p>\n\n\n\n<p class=\"wp-block-paragraph\"><strong>Inversiones<br><\/strong>Tom ha realizado inversiones inteligentes, sobre todo en el sector inmobiliario. Ha aprovechado las oportunidades del mercado, construyendo una cartera diversificada que incluye acciones y bonos. <\/p>\n\n\n\n<p class=\"wp-block-paragraph\">Su formaci\u00f3n como planificador financiero tambi\u00e9n le ha permitido tomar decisiones con conocimiento de causa en los mercados financieros, lo que ha incrementado a\u00fan m\u00e1s su patrimonio.<\/p>\n\n\n\n<h3 class=\"wp-block-heading\">Comparaci\u00f3n con otros de su profesi\u00f3n<\/h3>\n\n\n\n<p class=\"wp-block-paragraph\">El patrimonio neto de Tom Vitale es relativamente modesto en comparaci\u00f3n con el de otros ejecutivos de televisi\u00f3n. <\/p>\n\n\n\n<p class=\"wp-block-paragraph\">Los ejecutivos de alto perfil de las grandes cadenas suelen tener un patrimonio neto que oscila entre decenas de millones y varios cientos de millones de d\u00f3lares. <\/p>\n\n\n\n<p class=\"wp-block-paragraph\">Por ejemplo, los altos ejecutivos de cadenas como NBC o ABC, donde Tom ha trabajado, suelen ganar mucho m\u00e1s. <\/p>\n\n\n\n<p class=\"wp-block-paragraph\">Sus papeles, aunque influyentes, han sido m\u00e1s especializados dentro de las cadenas Syfy y Chiller, lo que explica en parte la diferencia de riqueza. <\/p>\n\n\n\n<p class=\"wp-block-paragraph\">Adem\u00e1s, su divorcio ha afectado a su situaci\u00f3n financiera, en la que ha solicitado la manutenci\u00f3n del c\u00f3nyuge, lo que sugiere que sus finanzas pueden no ser tan s\u00f3lidas como las de algunos de sus compa\u00f1eros.<\/p>\n\n\n\n<h3 class=\"wp-block-heading\">Crecimiento del patrimonio neto a lo largo de los a\u00f1os<\/h3>\n\n\n\n<p class=\"wp-block-paragraph\">La riqueza de Tom Vitale ha crecido gracias a una combinaci\u00f3n de su salario en la televisi\u00f3n, sus iniciativas empresariales y sus inversiones. <\/p>\n\n\n\n<p class=\"wp-block-paragraph\">A finales de los a\u00f1os ochenta y noventa, su carrera televisiva era la principal fuente de su riqueza. Con el tiempo, sus negocios e inversiones se sumaron a ella. <\/p>\n\n\n\n<p class=\"wp-block-paragraph\">Sin embargo, su reciente divorcio ha planteado retos financieros, incluyendo batallas legales sobre la manutenci\u00f3n del c\u00f3nyuge, que podr\u00edan afectar a su futuro patrimonio neto.<\/p>\n\n\n\n<h2 class=\"wp-block-heading\">5. Vida personal<\/h2>\n\n\n\n<hr class=\"wp-block-separator has-alpha-channel-opacity is-style-wide\"\/>\n\n\n\n<p class=\"wp-block-paragraph\">Tom Vitale es un empresario y ejecutivo de televisi\u00f3n conocido por su exitosa carrera y su matrimonio con la actriz Valerie Bertinelli.<\/p>\n\n\n\n<h3 class=\"wp-block-heading\">Vida personal: Relaciones, matrimonios e hijos<\/h3>\n\n\n\n<p class=\"wp-block-paragraph\">El primer matrimonio de Tom Vitale fue con una mujer llamada Sharon. Juntos tuvieron cuatro hijos: Andie, Angela, Dominic y Tony. Tras su divorcio, Vitale conoci\u00f3 a Valerie Bertinelli en 2004. <\/p>\n\n\n\n<p class=\"wp-block-paragraph\">Se casaron en 2011, creando una familia mixta que inclu\u00eda al hijo de Valerie, Wolfgang Van Halen, de su anterior matrimonio con Eddie Van Halen. <\/p>\n\n\n\n<p class=\"wp-block-paragraph\">Vitale y Bertinelli estuvieron casados m\u00e1s de diez a\u00f1os antes de divorciarse en 2022 por diferencias irreconciliables.<\/p>\n\n\n\n<figure class=\"wp-block-image size-large\"><img decoding=\"async\" width=\"1024\" height=\"576\" src=\"https:\/\/scottmax.com\/wp-content\/uploads\/2025\/01\/American-television-executive-_Tom-Vitale_-portrait-bald-in-his-wedding-suit-1024x576.jpeg\" alt=\"Tom Vitale con su traje de boda\" class=\"wp-image-67166\" srcset=\"https:\/\/scottmax.com\/wp-content\/uploads\/2025\/01\/American-television-executive-_Tom-Vitale_-portrait-bald-in-his-wedding-suit-1024x576.jpeg 1024w, https:\/\/scottmax.com\/wp-content\/uploads\/2025\/01\/American-television-executive-_Tom-Vitale_-portrait-bald-in-his-wedding-suit-300x169.jpeg 300w, https:\/\/scottmax.com\/wp-content\/uploads\/2025\/01\/American-television-executive-_Tom-Vitale_-portrait-bald-in-his-wedding-suit-768x432.jpeg 768w, https:\/\/scottmax.com\/wp-content\/uploads\/2025\/01\/American-television-executive-_Tom-Vitale_-portrait-bald-in-his-wedding-suit-18x10.jpeg 18w, https:\/\/scottmax.com\/wp-content\/uploads\/2025\/01\/American-television-executive-_Tom-Vitale_-portrait-bald-in-his-wedding-suit.jpeg 1280w\" sizes=\"(max-width: 1024px) 100vw, 1024px\" \/><\/figure>\n\n\n\n<p class=\"wp-block-paragraph\">Vitale est\u00e1 dedicado a sus hijos y valora mucho la familia. Ha participado activamente en sus vidas, ayudando a criarlos con \u00e9nfasis en el trabajo duro, la compasi\u00f3n y los fuertes valores familiares.<\/p>\n\n\n\n<h3 class=\"wp-block-heading\">Esfuerzos filantr\u00f3picos<\/h3>\n\n\n\n<p class=\"wp-block-paragraph\">Tom Vitale tambi\u00e9n se compromete con la filantrop\u00eda. Ha apoyado diversas causas ben\u00e9ficas, sobre todo en los \u00e1mbitos de la educaci\u00f3n y la sanidad. <\/p>\n\n\n\n<p class=\"wp-block-paragraph\">Devolver algo a la sociedad es una parte importante de su vida, junto con sus responsabilidades laborales y familiares. Sus esfuerzos en estos \u00e1mbitos reflejan su convicci\u00f3n de contribuir a la comunidad y ayudar a los dem\u00e1s.<\/p>\n\n\n\n<h2 class=\"wp-block-heading\">6. Caracter\u00edsticas f\u00edsicas<\/h2>\n\n\n\n<hr class=\"wp-block-separator has-alpha-channel-opacity is-style-wide\"\/>\n\n\n\n<h3 class=\"wp-block-heading\">Apariencia<\/h3>\n\n\n\n<p class=\"wp-block-paragraph\">F\u00edsicamente, Tom Vitale mide aproximadamente 1,70 m, es de complexi\u00f3n delgada y tiene la cabeza calva y los ojos marrones. Su estilo suele describirse como impecable y elegante, reflejo de su agudo sentido de la moda.<\/p>\n\n\n\n<h3 class=\"wp-block-heading\">Personalidad<\/h3>\n\n\n\n<p class=\"wp-block-paragraph\">Vitale tiene una personalidad fuerte y diversa. Le apasionan varios intereses, como la filantrop\u00eda, los viajes y la cocina. <\/p>\n\n\n\n<p class=\"wp-block-paragraph\">Ha participado en numerosos esfuerzos ben\u00e9ficos, en particular los centrados en la salud mental, la protecci\u00f3n del medio ambiente y los derechos de los animales. <\/p>\n\n\n\n<p class=\"wp-block-paragraph\">Vitale valora mucho el tiempo en familia y disfruta con actividades al aire libre como la fotograf\u00eda y los deportes. <\/p>\n\n\n\n<p class=\"wp-block-paragraph\">A pesar de su \u00e9xito profesional, mantiene un comportamiento humilde y accesible, a menudo descrito como cari\u00f1oso, solidario y poseedor de un gran sentido del humor.<\/p>\n\n\n\n<h2 class=\"wp-block-heading\">7. Controversias<\/h2>\n\n\n\n<hr class=\"wp-block-separator has-alpha-channel-opacity is-style-wide\"\/>\n\n\n\n<p class=\"wp-block-paragraph\">Tom Vitale, ex marido de la actriz Valerie Bertinelli, se ha visto envuelto en varias pol\u00e9micas, especialmente en relaci\u00f3n con su divorcio, ampliamente publicitado.<\/p>\n\n\n\n<h3 class=\"wp-block-heading\">1. Disputa sobre el acuerdo prenupcial<\/h3>\n\n\n\n<p class=\"wp-block-paragraph\">Una gran controversia tuvo lugar cuando Tom Vitale impugn\u00f3 la validez de su acuerdo prenupcial durante su divorcio. <\/p>\n\n\n\n<p class=\"wp-block-paragraph\">Este acuerdo, firmado en 2010 antes de que se casaran, supuestamente inclu\u00eda una renuncia a la manutenci\u00f3n conyugal temporal y permanente. <\/p>\n\n\n\n<p class=\"wp-block-paragraph\">A pesar de ello, Vitale solicit\u00f3 $50.000 al mes en concepto de manutenci\u00f3n del c\u00f3nyuge y $200.000 en concepto de honorarios legales. Esto llev\u00f3 a Valerie Bertinelli a pedir un juicio aparte para validar el acuerdo prenupcial, lo que provoc\u00f3 retrasos en el proceso de divorcio.<\/p>\n\n\n\n<h3 class=\"wp-block-heading\">2. Acusaciones de maltrato emocional<\/h3>\n\n\n\n<p class=\"wp-block-paragraph\">After their split, Valerie Bertinelli shared her experiences of emotional pain during their marriage. She revealed that she was subjected to verbal abuse, including being called &#8220;fat&#8221; and &#8220;lazy.&#8221; <\/p>\n\n\n\n<p class=\"wp-block-paragraph\">Estas revelaciones pusieron de manifiesto el abuso emocional que sufri\u00f3 y su impacto duradero en su salud mental. Bertinelli se ha mostrado abierta sobre su viaje de curaci\u00f3n de estas experiencias negativas.\u00a0<\/p>\n\n\n\n<h3 class=\"wp-block-heading\">3. Percepci\u00f3n p\u00fablica y medios sociales<\/h3>\n\n\n\n<p class=\"wp-block-paragraph\">Las redes sociales avivaron a\u00fan m\u00e1s las controversias. Valerie Bertinelli utiliz\u00f3 Instagram para expresar sus sentimientos, abordando indirectamente las luchas emocionales a las que se enfrentaba en su matrimonio. <\/p>\n\n\n\n<p class=\"wp-block-paragraph\">Aunque su franqueza reson\u00f3 en muchos, algunos la criticaron por no seguir adelante.<\/p>\n\n\n\n<p class=\"wp-block-paragraph\">A pesar de ello, sigui\u00f3 conectando con su p\u00fablico, subrayando la importancia de afrontar y procesar las emociones como parte de la curaci\u00f3n.<\/p>\n\n\n\n<p class=\"wp-block-paragraph\">Estas controversias han afectado significativamente a la imagen p\u00fablica de Tom Vitale y a la narrativa de Valerie Bertinelli sobre su relaci\u00f3n. Llamaron la atenci\u00f3n sobre sus complejos y personales problemas durante y despu\u00e9s del matrimonio.<\/p>\n\n\n\n<h2 class=\"wp-block-heading\">8. Datos curiosos sobre Tom Vitale<\/h2>\n\n\n\n<hr class=\"wp-block-separator has-alpha-channel-opacity is-style-wide\"\/>\n\n\n\n<ul class=\"wp-block-list\">\n<li><strong>Cocinero apasionado<\/strong>: Tom Vitale y su esposa, Valerie Bertinelli, comparten el amor por la cocina. Incluso han aparecido juntos en programas de cocina y son coautores de un libro de cocina.<\/li>\n\n\n\n<li><strong>Viajero \u00e1vido<\/strong>: Le encanta viajar y explorar nuevas culturas, dos de sus pasatiempos favoritos.<\/li>\n\n\n\n<li><strong>Coleccionista de arte<\/strong>: Tom posee una extensa colecci\u00f3n de bellas artes, lo que demuestra su profundo aprecio por la creatividad.<\/li>\n\n\n\n<li><strong>Aficionado al deporte<\/strong>: Le gustan varios deportes y participa activamente en actividades como el rugby durante sus a\u00f1os de juventud.<\/li>\n\n\n\n<li><strong>Tecnolog\u00eda Buff<\/strong>: Se mantiene al d\u00eda de las \u00faltimas tendencias en tecnolog\u00eda e innovaci\u00f3n, integrando a menudo nuevas herramientas en su trabajo.<\/li>\n\n\n\n<li><strong>Amante de la m\u00fasica<\/strong>: Tiene un gusto musical diverso, apreciando varios g\u00e9neros y artistas. Este ecl\u00e9ctico inter\u00e9s musical refleja su amplia curiosidad cultural.<\/li>\n\n\n\n<li><strong>Inter\u00e9s por la fotograf\u00eda al aire libre<\/strong>: Tom disfruta capturando la belleza de la naturaleza a trav\u00e9s de la fotograf\u00eda. Su amor por el aire libre inspira a menudo su trabajo fotogr\u00e1fico.<\/li>\n\n\n\n<li><strong>Sentido del humor<\/strong>: Conocido por su r\u00e1pido ingenio, Tom tiene un gran sentido del humor, que aporta alegr\u00eda y risas a los que le rodean.<\/li>\n\n\n\n<li><strong>Entusiasta de la tecnolog\u00eda<\/strong>: Tom adopta la tecnolog\u00eda para mejorar la productividad en su vida profesional y personal, manteni\u00e9ndose siempre al d\u00eda de las \u00faltimas tendencias tecnol\u00f3gicas.<\/li>\n<\/ul>\n\n\n\n<h2 class=\"wp-block-heading\">9. Conclusi\u00f3n<\/h2>\n\n\n\n<hr class=\"wp-block-separator has-alpha-channel-opacity is-style-wide\"\/>\n\n\n\n<p class=\"wp-block-paragraph\">En conclusi\u00f3n, Tom Vitale est\u00e1 bien formado y valora su trabajo en la industria de la televisi\u00f3n y sus exitosas aventuras empresariales. <\/p>\n\n\n\n<p class=\"wp-block-paragraph\">Gan\u00f3 atenci\u00f3n p\u00fablica adicional a trav\u00e9s de su matrimonio con la actriz Valerie Bertinelli. <\/p>\n\n\n<style>.kb-row-layout-id67144_6cb442-8a > .kt-row-column-wrap{align-content:start;}:where(.kb-row-layout-id67144_6cb442-8a > .kt-row-column-wrap) > .wp-block-kadence-column{justify-content:start;}.kb-row-layout-id67144_6cb442-8a > .kt-row-column-wrap{column-gap:var(--global-kb-gap-md, 2rem);row-gap:var(--global-kb-gap-md, 2rem);padding-top:var(--global-kb-spacing-sm, 1.5rem);padding-bottom:var(--global-kb-spacing-sm, 1.5rem);grid-template-columns:minmax(0, calc(10% - ((var(--global-kb-gap-md, 2rem) * 2 )\/3)))minmax(0, calc(80% - ((var(--global-kb-gap-md, 2rem) * 2 )\/3)))minmax(0, calc(10% - ((var(--global-kb-gap-md, 2rem) * 2 )\/3)));}.kb-row-layout-id67144_6cb442-8a > .kt-row-layout-overlay{opacity:0.30;}@media all and (max-width: 1024px){.kb-row-layout-id67144_6cb442-8a > .kt-row-column-wrap > div:not(.added-for-specificity){grid-column:initial;}}@media all and (max-width: 1024px){.kb-row-layout-id67144_6cb442-8a > .kt-row-column-wrap{grid-template-columns:minmax(0, 1fr) minmax(0, 6fr) minmax(0, 1fr);}}@media all and (max-width: 767px){.kb-row-layout-id67144_6cb442-8a > .kt-row-column-wrap > div:not(.added-for-specificity){grid-column:initial;}.kb-row-layout-id67144_6cb442-8a > .kt-row-column-wrap{grid-template-columns:minmax(0, 1fr);}}<\/style><div class=\"kb-row-layout-wrap kb-row-layout-id67144_6cb442-8a alignnone wp-block-kadence-rowlayout\"><div class=\"kt-row-column-wrap kt-has-3-columns kt-row-layout-center-exwide kt-tab-layout-inherit kt-mobile-layout-row kt-row-valign-top\">\n<style>.kadence-column67144_73949d-70 > .kt-inside-inner-col,.kadence-column67144_73949d-70 > .kt-inside-inner-col:before{border-top-left-radius:0px;border-top-right-radius:0px;border-bottom-right-radius:0px;border-bottom-left-radius:0px;}.kadence-column67144_73949d-70 > .kt-inside-inner-col{column-gap:var(--global-kb-gap-sm, 1rem);}.kadence-column67144_73949d-70 > .kt-inside-inner-col{flex-direction:column;}.kadence-column67144_73949d-70 > .kt-inside-inner-col > .aligncenter{width:100%;}.kadence-column67144_73949d-70 > .kt-inside-inner-col:before{opacity:0.3;}.kadence-column67144_73949d-70{position:relative;}@media all and (max-width: 1024px){.kadence-column67144_73949d-70 > .kt-inside-inner-col{flex-direction:column;justify-content:center;}}@media all and (max-width: 767px){.kadence-column67144_73949d-70 > .kt-inside-inner-col{flex-direction:column;justify-content:center;}}<\/style>\n<div class=\"wp-block-kadence-column kadence-column67144_73949d-70\"><div class=\"kt-inside-inner-col\"><\/div><\/div>\n\n\n<style>.kadence-column67144_317241-0c > .kt-inside-inner-col,.kadence-column67144_317241-0c > .kt-inside-inner-col:before{border-top-left-radius:0px;border-top-right-radius:0px;border-bottom-right-radius:0px;border-bottom-left-radius:0px;}.kadence-column67144_317241-0c > .kt-inside-inner-col{column-gap:var(--global-kb-gap-sm, 1rem);}.kadence-column67144_317241-0c > .kt-inside-inner-col{flex-direction:column;}.kadence-column67144_317241-0c > .kt-inside-inner-col > .aligncenter{width:100%;}.kadence-column67144_317241-0c > .kt-inside-inner-col:before{opacity:0.3;}.kadence-column67144_317241-0c{position:relative;}@media all and (max-width: 1024px){.kadence-column67144_317241-0c > .kt-inside-inner-col{flex-direction:column;justify-content:center;}}@media all and (max-width: 767px){.kadence-column67144_317241-0c > .kt-inside-inner-col{flex-direction:column;justify-content:center;}}<\/style>\n<div class=\"wp-block-kadence-column kadence-column67144_317241-0c\"><div class=\"kt-inside-inner-col\">\n<figure class=\"wp-block-image size-full\"><img decoding=\"async\" width=\"1024\" height=\"1024\" src=\"https:\/\/scottmax.com\/wp-content\/uploads\/2025\/01\/American-television-executive-_Tom-Vitale_-portrait-bald-.jpeg\" alt=\"Retrato de Tom Vitale, fondo naranja\" class=\"wp-image-67167\" srcset=\"https:\/\/scottmax.com\/wp-content\/uploads\/2025\/01\/American-television-executive-_Tom-Vitale_-portrait-bald-.jpeg 1024w, https:\/\/scottmax.com\/wp-content\/uploads\/2025\/01\/American-television-executive-_Tom-Vitale_-portrait-bald--300x300.jpeg 300w, https:\/\/scottmax.com\/wp-content\/uploads\/2025\/01\/American-television-executive-_Tom-Vitale_-portrait-bald--150x150.jpeg 150w, https:\/\/scottmax.com\/wp-content\/uploads\/2025\/01\/American-television-executive-_Tom-Vitale_-portrait-bald--768x768.jpeg 768w, https:\/\/scottmax.com\/wp-content\/uploads\/2025\/01\/American-television-executive-_Tom-Vitale_-portrait-bald--12x12.jpeg 12w\" sizes=\"(max-width: 1024px) 100vw, 1024px\" \/><\/figure>\n<\/div><\/div>\n\n\n<style>.kadence-column67144_919b4c-78 > .kt-inside-inner-col,.kadence-column67144_919b4c-78 > .kt-inside-inner-col:before{border-top-left-radius:0px;border-top-right-radius:0px;border-bottom-right-radius:0px;border-bottom-left-radius:0px;}.kadence-column67144_919b4c-78 > .kt-inside-inner-col{column-gap:var(--global-kb-gap-sm, 1rem);}.kadence-column67144_919b4c-78 > .kt-inside-inner-col{flex-direction:column;}.kadence-column67144_919b4c-78 > .kt-inside-inner-col > .aligncenter{width:100%;}.kadence-column67144_919b4c-78 > .kt-inside-inner-col:before{opacity:0.3;}.kadence-column67144_919b4c-78{position:relative;}@media all and (max-width: 1024px){.kadence-column67144_919b4c-78 > .kt-inside-inner-col{flex-direction:column;justify-content:center;}}@media all and (max-width: 767px){.kadence-column67144_919b4c-78 > .kt-inside-inner-col{flex-direction:column;justify-content:center;}}<\/style>\n<div class=\"wp-block-kadence-column kadence-column67144_919b4c-78\"><div class=\"kt-inside-inner-col\"><\/div><\/div>\n\n<\/div><\/div>\n\n\n<p class=\"wp-block-paragraph\">M\u00e1s all\u00e1 de su carrera, Tom es reconocido por sus fuertes lazos familiares y su amor por el deporte. <\/p>\n\n\n\n<p class=\"wp-block-paragraph\">Su vida refleja \u00e9xito profesional y compromiso personal, lo que le convierte en una figura notable tanto en su trabajo como en su vida personal.<\/p>\n\n\n<style>.kb-row-layout-id67144_d4a2f2-87 > .kt-row-column-wrap{align-content:start;}:where(.kb-row-layout-id67144_d4a2f2-87 > .kt-row-column-wrap) > .wp-block-kadence-column{justify-content:start;}.kb-row-layout-id67144_d4a2f2-87 > .kt-row-column-wrap{column-gap:var(--global-kb-gap-md, 2rem);row-gap:var(--global-kb-gap-md, 2rem);padding-top:var(--global-kb-spacing-sm, 1.5rem);padding-bottom:var(--global-kb-spacing-sm, 1.5rem);grid-template-columns:minmax(0, calc(10% - ((var(--global-kb-gap-md, 2rem) * 2 )\/3)))minmax(0, calc(80% - ((var(--global-kb-gap-md, 2rem) * 2 )\/3)))minmax(0, calc(10% - ((var(--global-kb-gap-md, 2rem) * 2 )\/3)));}.kb-row-layout-id67144_d4a2f2-87 > .kt-row-layout-overlay{opacity:0.30;}@media all and (max-width: 1024px){.kb-row-layout-id67144_d4a2f2-87 > .kt-row-column-wrap > div:not(.added-for-specificity){grid-column:initial;}}@media all and (max-width: 1024px){.kb-row-layout-id67144_d4a2f2-87 > .kt-row-column-wrap{grid-template-columns:minmax(0, 1fr) minmax(0, 6fr) minmax(0, 1fr);}}@media all and (max-width: 767px){.kb-row-layout-id67144_d4a2f2-87 > .kt-row-column-wrap > div:not(.added-for-specificity){grid-column:initial;}.kb-row-layout-id67144_d4a2f2-87 > .kt-row-column-wrap{grid-template-columns:minmax(0, 1fr);}}<\/style><div class=\"kb-row-layout-wrap kb-row-layout-id67144_d4a2f2-87 alignnone wp-block-kadence-rowlayout\"><div class=\"kt-row-column-wrap kt-has-3-columns kt-row-layout-center-exwide kt-tab-layout-inherit kt-mobile-layout-row kt-row-valign-top\">\n<style>.kadence-column67144_9d6243-1a > .kt-inside-inner-col,.kadence-column67144_9d6243-1a > .kt-inside-inner-col:before{border-top-left-radius:0px;border-top-right-radius:0px;border-bottom-right-radius:0px;border-bottom-left-radius:0px;}.kadence-column67144_9d6243-1a > .kt-inside-inner-col{column-gap:var(--global-kb-gap-sm, 1rem);}.kadence-column67144_9d6243-1a > .kt-inside-inner-col{flex-direction:column;}.kadence-column67144_9d6243-1a > .kt-inside-inner-col > .aligncenter{width:100%;}.kadence-column67144_9d6243-1a > .kt-inside-inner-col:before{opacity:0.3;}.kadence-column67144_9d6243-1a{position:relative;}@media all and (max-width: 1024px){.kadence-column67144_9d6243-1a > .kt-inside-inner-col{flex-direction:column;justify-content:center;}}@media all and (max-width: 767px){.kadence-column67144_9d6243-1a > .kt-inside-inner-col{flex-direction:column;justify-content:center;}}<\/style>\n<div class=\"wp-block-kadence-column kadence-column67144_9d6243-1a\"><div class=\"kt-inside-inner-col\"><\/div><\/div>\n\n\n<style>.kadence-column67144_9c26da-20 > .kt-inside-inner-col,.kadence-column67144_9c26da-20 > .kt-inside-inner-col:before{border-top-left-radius:0px;border-top-right-radius:0px;border-bottom-right-radius:0px;border-bottom-left-radius:0px;}.kadence-column67144_9c26da-20 > .kt-inside-inner-col{column-gap:var(--global-kb-gap-sm, 1rem);}.kadence-column67144_9c26da-20 > .kt-inside-inner-col{flex-direction:column;}.kadence-column67144_9c26da-20 > .kt-inside-inner-col > .aligncenter{width:100%;}.kadence-column67144_9c26da-20 > .kt-inside-inner-col:before{opacity:0.3;}.kadence-column67144_9c26da-20{position:relative;}@media all and (max-width: 1024px){.kadence-column67144_9c26da-20 > .kt-inside-inner-col{flex-direction:column;justify-content:center;}}@media all and (max-width: 767px){.kadence-column67144_9c26da-20 > .kt-inside-inner-col{flex-direction:column;justify-content:center;}}<\/style>\n<div class=\"wp-block-kadence-column kadence-column67144_9c26da-20\"><div class=\"kt-inside-inner-col\">\n<figure class=\"wp-block-image size-full\"><img decoding=\"async\" width=\"1024\" height=\"1024\" src=\"https:\/\/scottmax.com\/wp-content\/uploads\/2025\/01\/American-television-executive-_Tom-Vitale_-portrait-bald-1.jpeg\" alt=\"Retrato de Tom Vitale, fondo amarillo y gris\" class=\"wp-image-67168\" srcset=\"https:\/\/scottmax.com\/wp-content\/uploads\/2025\/01\/American-television-executive-_Tom-Vitale_-portrait-bald-1.jpeg 1024w, https:\/\/scottmax.com\/wp-content\/uploads\/2025\/01\/American-television-executive-_Tom-Vitale_-portrait-bald-1-300x300.jpeg 300w, https:\/\/scottmax.com\/wp-content\/uploads\/2025\/01\/American-television-executive-_Tom-Vitale_-portrait-bald-1-150x150.jpeg 150w, https:\/\/scottmax.com\/wp-content\/uploads\/2025\/01\/American-television-executive-_Tom-Vitale_-portrait-bald-1-768x768.jpeg 768w, https:\/\/scottmax.com\/wp-content\/uploads\/2025\/01\/American-television-executive-_Tom-Vitale_-portrait-bald-1-12x12.jpeg 12w\" sizes=\"(max-width: 1024px) 100vw, 1024px\" \/><\/figure>\n<\/div><\/div>\n\n\n<style>.kadence-column67144_09e89b-61 > .kt-inside-inner-col,.kadence-column67144_09e89b-61 > .kt-inside-inner-col:before{border-top-left-radius:0px;border-top-right-radius:0px;border-bottom-right-radius:0px;border-bottom-left-radius:0px;}.kadence-column67144_09e89b-61 > .kt-inside-inner-col{column-gap:var(--global-kb-gap-sm, 1rem);}.kadence-column67144_09e89b-61 > .kt-inside-inner-col{flex-direction:column;}.kadence-column67144_09e89b-61 > .kt-inside-inner-col > .aligncenter{width:100%;}.kadence-column67144_09e89b-61 > .kt-inside-inner-col:before{opacity:0.3;}.kadence-column67144_09e89b-61{position:relative;}@media all and (max-width: 1024px){.kadence-column67144_09e89b-61 > .kt-inside-inner-col{flex-direction:column;justify-content:center;}}@media all and (max-width: 767px){.kadence-column67144_09e89b-61 > .kt-inside-inner-col{flex-direction:column;justify-content:center;}}<\/style>\n<div class=\"wp-block-kadence-column kadence-column67144_09e89b-61\"><div class=\"kt-inside-inner-col\"><\/div><\/div>\n\n<\/div><\/div>\n\n\n<h2 class=\"wp-block-heading\">Referencias<\/h2>\n\n\n\n<p class=\"wp-block-paragraph\"><a href=\"https:\/\/www.celebritynetworth.com\/richest-businessmen\/business-executives\/tom-vitale-net-worth\" target=\"_blank\" rel=\"noopener\">https:\/\/www.celebritynetworth.com\/richest-businessmen\/business-executives\/tom-vitale-net-worth<\/a><\/p>\n\n\n\n<p class=\"wp-block-paragraph\"><a href=\"https:\/\/fresherpost.com\/tom-vitale\/\" target=\"_blank\" rel=\"noopener\">https:\/\/fresherpost.com\/tom-vitale\/<\/a><\/p>\n\n\n\n<p class=\"wp-block-paragraph\"><a href=\"https:\/\/marriedbiography.com\/tom-vitale-biography\" target=\"_blank\" rel=\"noopener\">https:\/\/marriedbiography.com\/tom-vitale-biography<\/a><\/p>\n\n\n\n<p class=\"wp-block-paragraph\"><a href=\"https:\/\/briefly.co.za\/101586-tom-vitales-age-children-wife-wedding-career-net-worth.html\" target=\"_blank\" rel=\"noopener\">https:\/\/briefly.co.za\/101586-tom-vitales-age-children-wife-wedding-career-net-worth.html<\/a><\/p>\n\n\n\n<p class=\"wp-block-paragraph\"><a href=\"https:\/\/www.tuko.co.ke\/426563-tom-vitale-net-worth-valerie-bertinelli-relationship-career-family.html\" target=\"_blank\" rel=\"noopener\">https:\/\/www.tuko.co.ke\/426563-tom-vitale-net-worth-valerie-bertinelli-relationship-career-family.html<\/a><\/p>\n\n\n\n<p class=\"wp-block-paragraph\"><a href=\"https:\/\/thefieldsofgreen.com\/tom-vitale\" target=\"_blank\" rel=\"noopener\">https:\/\/thefieldsofgreen.com\/tom-vitale<\/a><\/p>\n\n\n\n<p class=\"wp-block-paragraph\"><a href=\"https:\/\/repeatreplay.com\/tom-vitale-net-worth-2024\/\" target=\"_blank\" rel=\"noopener\">https:\/\/repeatreplay.com\/tom-vitale-net-worth-2024\/<\/a><\/p>\n\n\n\n<p class=\"wp-block-paragraph\"><a href=\"https:\/\/fbcfilms.com\/interview\/interview-with-syfy-and-chiller-programming-executive-tom-vitale\/\" target=\"_blank\" rel=\"noopener\">https:\/\/fbcfilms.com\/interview\/interview-with-syfy-and-chiller-programming-executive-tom-vitale\/<\/a><\/p>\n\n\n\n<p class=\"wp-block-paragraph\"><a href=\"https:\/\/people.com\/valerie-bertinelli-tolerated-untolerable-many-days-pure-peace-post-divorce-7568275\" target=\"_blank\" rel=\"noopener\">https:\/\/people.com\/valerie-bertinelli-tolerated-untolerable-many-days-pure-peace-post-divorce-7568275<\/a><\/p>\n\n\n\n<p class=\"wp-block-paragraph\"><a href=\"https:\/\/people.com\/valerie-bertinelli-says-marriage-to-ex-ended-when-they-became-very-unkind-to-one-another-exclusive-8622935\" target=\"_blank\" rel=\"noopener\">https:\/\/people.com\/valerie-bertinelli-says-marriage-to-ex-ended-when-they-became-very-unkind-to-one-another-exclusive-8622935<\/a><\/p>\n\n\n\n<p class=\"wp-block-paragraph\"><a href=\"https:\/\/people.com\/food\/valerie-bertinelli-requests-separate-trial-to-validate-prenup-in-divorce-from-tom-vitale\" target=\"_blank\" rel=\"noopener\">https:\/\/people.com\/food\/valerie-bertinelli-requests-separate-trial-to-validate-prenup-in-divorce-from-tom-vitale<\/a><\/p>\n\n\n\n<p class=\"wp-block-paragraph\"><a href=\"https:\/\/facts.net\/celebrity\/38-facts-about-tom-vitale\" target=\"_blank\" rel=\"noopener\">https:\/\/facts.net\/celebrity\/38-facts-about-tom-vitale<\/a><\/p>\n\n\n\n<p class=\"wp-block-paragraph\"><a href=\"https:\/\/www.mentalfloss.com\/article\/508255\/amazing-facts-people-who-amazing-facts\" target=\"_blank\" rel=\"noopener\">https:\/\/www.mentalfloss.com\/article\/508255\/amazing-facts-people-who-amazing-facts<\/a><\/p>","protected":false},"featured_media":0,"template":"","meta":{"_crdt_document":"","inline_featured_image":false,"_kad_blocks_custom_css":"","_kad_blocks_head_custom_js":"","_kad_blocks_body_custom_js":"","_kad_blocks_footer_custom_js":"","_kadence_starter_templates_imported_post":false,"_kad_post_transparent":"","_kad_post_title":"","_kad_post_layout":"","_kad_post_sidebar_id":"","_kad_post_content_style":"","_kad_post_vertical_padding":"","_kad_post_feature":"","_kad_post_feature_position":"","_kad_post_header":false,"_kad_post_footer":false,"_kad_post_classname":""},"class_list":["post-67144","people","type-people","status-publish","hentry"],"taxonomy_info":[],"featured_image_src_large":false,"author_info":[],"comment_info":"","_links":{"self":[{"href":"https:\/\/scottmax.com\/es\/wp-json\/wp\/v2\/people\/67144","targetHints":{"allow":["GET"]}}],"collection":[{"href":"https:\/\/scottmax.com\/es\/wp-json\/wp\/v2\/people"}],"about":[{"href":"https:\/\/scottmax.com\/es\/wp-json\/wp\/v2\/types\/people"}],"wp:attachment":[{"href":"https:\/\/scottmax.com\/es\/wp-json\/wp\/v2\/media?parent=67144"}],"curies":[{"name":"wp","href":"https:\/\/api.w.org\/{rel}","templated":true}]}}